{"id":8298,"date":"2023-12-07T11:33:03","date_gmt":"2023-12-07T15:33:03","guid":{"rendered":"https:\/\/climateengagement.ca\/a-propos-de-lindice-de-reference-net-zero-dengagement-climatique-canada\/"},"modified":"2025-09-07T20:20:44","modified_gmt":"2025-09-08T00:20:44","slug":"a-propos-de-lindice-de-reference-net-zero-dengagement-climatique-canada","status":"publish","type":"page","link":"https:\/\/climateengagement.ca\/fr\/a-propos-de-lindice-de-reference-net-zero-dengagement-climatique-canada\/","title":{"rendered":"\u00c0 propos de l\u2019Indice de r\u00e9f\u00e9rence net z\u00e9ro d\u2019Engagement climatique Canada"},"content":{"rendered":"\t\t<div data-elementor-type=\"wp-page\" data-elementor-id=\"8298\" class=\"elementor elementor-8298 elementor-8259\" data-elementor-post-type=\"page\">\n\t\t\t\t\t\t<section class=\"elementor-section elementor-top-section elementor-element elementor-element-688ad38 elementor-section-content-middle elementor-section-boxed elementor-section-height-default elementor-section-height-default\" data-id=\"688ad38\" data-element_type=\"section\" data-e-type=\"section\" data-settings=\"{&quot;background_background&quot;:&quot;classic&quot;,&quot;jet_parallax_layout_list&quot;:[]}\">\n\t\t\t\t\t\t\t<div class=\"elementor-background-overlay\"><\/div>\n\t\t\t\t\t\t\t<div class=\"elementor-container elementor-column-gap-no\">\n\t\t\t\t\t<div class=\"elementor-column elementor-col-100 elementor-top-column elementor-element elementor-element-148e58a elementor-invisible\" data-id=\"148e58a\" data-element_type=\"column\" data-e-type=\"column\" data-settings=\"{&quot;animation&quot;:&quot;fadeIn&quot;}\">\n\t\t\t<div class=\"elementor-widget-wrap elementor-element-populated\">\n\t\t\t\t\t\t<div class=\"elementor-element elementor-element-f3e8799 elementor-widget elementor-widget-heading\" data-id=\"f3e8799\" data-element_type=\"widget\" data-e-type=\"widget\" data-widget_type=\"heading.default\">\n\t\t\t\t<div class=\"elementor-widget-container\">\n\t\t\t\t\t<h3 class=\"elementor-heading-title elementor-size-default\">\u00c0 propos de l\u2019Indice de r\u00e9f\u00e9rence <\/h3>\t\t\t\t<\/div>\n\t\t\t\t<\/div>\n\t\t\t\t<div class=\"elementor-element elementor-element-f8aeef9 elementor-widget elementor-widget-spacer\" data-id=\"f8aeef9\" data-element_type=\"widget\" data-e-type=\"widget\" data-widget_type=\"spacer.default\">\n\t\t\t\t<div class=\"elementor-widget-container\">\n\t\t\t\t\t\t\t<div class=\"elementor-spacer\">\n\t\t\t<div class=\"elementor-spacer-inner\"><\/div>\n\t\t<\/div>\n\t\t\t\t\t\t<\/div>\n\t\t\t\t<\/div>\n\t\t\t\t\t<\/div>\n\t\t<\/div>\n\t\t\t\t\t<\/div>\n\t\t<\/section>\n\t\t<div class=\"elementor-element elementor-element-bf9995a e-flex e-con-boxed e-con e-parent\" data-id=\"bf9995a\" data-element_type=\"container\" data-e-type=\"container\" data-settings=\"{&quot;jet_parallax_layout_list&quot;:[],&quot;background_background&quot;:&quot;classic&quot;}\">\n\t\t\t\t\t<div class=\"e-con-inner\">\n\t\t<div class=\"elementor-element elementor-element-768b7cd e-con-full e-flex e-con e-child\" data-id=\"768b7cd\" data-element_type=\"container\" data-e-type=\"container\" data-settings=\"{&quot;jet_parallax_layout_list&quot;:[]}\">\n\t\t<div class=\"elementor-element elementor-element-80399e4 e-con-full e-flex e-con e-child\" data-id=\"80399e4\" data-element_type=\"container\" data-e-type=\"container\" data-settings=\"{&quot;jet_parallax_layout_list&quot;:[]}\">\n\t\t<div class=\"elementor-element elementor-element-29c1707 e-con-full e-flex e-con e-child\" data-id=\"29c1707\" data-element_type=\"container\" data-e-type=\"container\" data-settings=\"{&quot;jet_parallax_layout_list&quot;:[]}\">\n\t\t\t\t<div class=\"elementor-element elementor-element-8945b5b elementor-widget elementor-widget-heading\" data-id=\"8945b5b\" data-element_type=\"widget\" data-e-type=\"widget\" data-widget_type=\"heading.default\">\n\t\t\t\t<div class=\"elementor-widget-container\">\n\t\t\t\t\t<h3 class=\"elementor-heading-title elementor-size-default\">Questions g\u00e9n\u00e9rales <\/h3>\t\t\t\t<\/div>\n\t\t\t\t<\/div>\n\t\t\t\t<div class=\"elementor-element elementor-element-bc885c5 elementor-widget-divider--view-line elementor-widget elementor-widget-divider\" data-id=\"bc885c5\" data-element_type=\"widget\" data-e-type=\"widget\" data-widget_type=\"divider.default\">\n\t\t\t\t<div class=\"elementor-widget-container\">\n\t\t\t\t\t\t\t<div class=\"elementor-divider\">\n\t\t\t<span class=\"elementor-divider-separator\">\n\t\t\t\t\t\t<\/span>\n\t\t<\/div>\n\t\t\t\t\t\t<\/div>\n\t\t\t\t<\/div>\n\t\t\t\t<\/div>\n\t\t\t\t<\/div>\n\t\t<div class=\"elementor-element elementor-element-9f5ad48 e-con-full e-flex e-con e-child\" data-id=\"9f5ad48\" data-element_type=\"container\" data-e-type=\"container\" data-settings=\"{&quot;jet_parallax_layout_list&quot;:[]}\">\n\t\t<div class=\"elementor-element elementor-element-26f20f4 e-con-full e-flex e-con e-child\" data-id=\"26f20f4\" data-element_type=\"container\" data-e-type=\"container\" data-settings=\"{&quot;jet_parallax_layout_list&quot;:[]}\">\n\t\t\t\t<div class=\"elementor-element elementor-element-98e197e elementor-widget elementor-widget-image\" data-id=\"98e197e\" data-element_type=\"widget\" data-e-type=\"widget\" data-widget_type=\"image.default\">\n\t\t\t\t<div class=\"elementor-widget-container\">\n\t\t\t\t\t\t\t\t\t\t\t\t\t\t\t<img fetchpriority=\"high\" decoding=\"async\" width=\"1024\" height=\"683\" src=\"https:\/\/climateengagement.ca\/wp-content\/uploads\/2024\/08\/AdobeStock_192865923@0.25x-1024x683.png\" class=\"attachment-large size-large wp-image-10251\" alt=\"\" srcset=\"https:\/\/climateengagement.ca\/wp-content\/uploads\/2024\/08\/AdobeStock_192865923@0.25x-1024x683.png 1024w, https:\/\/climateengagement.ca\/wp-content\/uploads\/2024\/08\/AdobeStock_192865923@0.25x-300x200.png 300w, https:\/\/climateengagement.ca\/wp-content\/uploads\/2024\/08\/AdobeStock_192865923@0.25x-768x512.png 768w, https:\/\/climateengagement.ca\/wp-content\/uploads\/2024\/08\/AdobeStock_192865923@0.25x-1536x1025.png 1536w, https:\/\/climateengagement.ca\/wp-content\/uploads\/2024\/08\/AdobeStock_192865923@0.25x.png 1988w\" sizes=\"(max-width: 1024px) 100vw, 1024px\" \/>\t\t\t\t\t\t\t\t\t\t\t\t\t\t\t<\/div>\n\t\t\t\t<\/div>\n\t\t\t\t<\/div>\n\t\t<div class=\"elementor-element elementor-element-da50ce0 e-con-full e-flex e-con e-child\" data-id=\"da50ce0\" data-element_type=\"container\" data-e-type=\"container\" data-settings=\"{&quot;jet_parallax_layout_list&quot;:[]}\">\n\t\t\t\t<div class=\"elementor-element elementor-element-ed016ad .toggle-faq elementor-widget elementor-widget-n-accordion\" data-id=\"ed016ad\" data-element_type=\"widget\" data-e-type=\"widget\" data-settings=\"{&quot;default_state&quot;:&quot;all_collapsed&quot;,&quot;max_items_expended&quot;:&quot;one&quot;,&quot;n_accordion_animation_duration&quot;:{&quot;unit&quot;:&quot;ms&quot;,&quot;size&quot;:400,&quot;sizes&quot;:[]}}\" data-widget_type=\"nested-accordion.default\">\n\t\t\t\t<div class=\"elementor-widget-container\">\n\t\t\t\t\t\t\t<div class=\"e-n-accordion\" aria-label=\"Accordion. Open links with Enter or Space, close with Escape, and navigate with Arrow Keys\">\n\t\t\t\t\t\t<details id=\"e-n-accordion-item-2480\" class=\"e-n-accordion-item\" >\n\t\t\t\t<summary class=\"e-n-accordion-item-title\" data-accordion-index=\"1\" tabindex=\"0\" aria-expanded=\"false\" aria-controls=\"e-n-accordion-item-2480\" >\n\t\t\t\t\t<span class='e-n-accordion-item-title-header'><div class=\"e-n-accordion-item-title-text\"> Qu\u2019est-ce que l\u2019Indice de r\u00e9f\u00e9rence net z\u00e9ro d\u2019ECC? <\/div><\/span>\n\t\t\t\t\t\t\t<span class='e-n-accordion-item-title-icon'>\n\t\t\t<span class='e-opened' ><i aria-hidden=\"true\" class=\"fas fa-angle-double-up\"><\/i><\/span>\n\t\t\t<span class='e-closed'><i aria-hidden=\"true\" class=\"fas fa-angle-double-down\"><\/i><\/span>\n\t\t<\/span>\n\n\t\t\t\t\t\t<\/summary>\n\t\t\t\t<div role=\"region\" aria-labelledby=\"e-n-accordion-item-2480\" class=\"elementor-element elementor-element-2f0226c e-con-full e-flex e-con e-child\" data-id=\"2f0226c\" data-element_type=\"container\" data-e-type=\"container\" data-settings=\"{&quot;jet_parallax_layout_list&quot;:[]}\">\n\t\t\t\t<div class=\"elementor-element elementor-element-cd175be elementor-widget elementor-widget-text-editor\" data-id=\"cd175be\" data-element_type=\"widget\" data-e-type=\"widget\" data-widget_type=\"text-editor.default\">\n\t\t\t\t<div class=\"elementor-widget-container\">\n\t\t\t\t\t\t\t\t\t<p>Engagement climatique Canada (ECC) a mis sur pied son Indice de r\u00e9f\u00e9rence net z\u00e9ro pour fournir un ensemble de normes communes permettant aux investisseurs d\u2019\u00e9valuer les progr\u00e8s r\u00e9alis\u00e9s par les entreprises \u00e9mettrices pour s\u2019aligner sur l\u2019ambition de l\u2019Accord de Paris\u00a0: limiter le r\u00e9chauffement climatique \u00e0 bien moins de 2\u00a0\u00b0C, tout en poursuivant les efforts visant \u00e0 limiter l\u2019augmentation \u00e0 1,5\u00a0\u00b0C.<\/p>\n<p>L\u2019Indice de r\u00e9f\u00e9rence net z\u00e9ro d\u2019ECC n\u2019est pas un m\u00e9canisme de divulgation ou une base de donn\u00e9es, mais plut\u00f4t un outil d\u2019\u00e9valuation, bas\u00e9 sur des informations accessibles au public. Il recueille des donn\u00e9es sur les progr\u00e8s r\u00e9alis\u00e9s par les entreprises en mati\u00e8re de divulgation d\u2019informations sur le climat et sur la transition vers des \u00e9missions nettes nulles d\u2019ici 2050 ou plus t\u00f4t.<\/p>\n<p>Les participants \u00e0 ECC utilisent l\u2019indice de r\u00e9f\u00e9rence pour documenter et faire l\u2019objet de discussions dans le cadre de leurs activit\u00e9s d\u2019engagement avec les entreprises de la Liste des priorit\u00e9s. Les r\u00e9sultats de l\u2019indice de r\u00e9f\u00e9rence fournissent \u00e9galement des informations aux investisseurs participants et aux autres parties prenantes sur les domaines qui n\u00e9cessitent une attention, une recherche ou un soutien suppl\u00e9mentaires.<\/p>\n<p>Le premier Indice de r\u00e9f\u00e9rence, bas\u00e9 sur le Cadre de divulgation des indicateurs, a \u00e9t\u00e9 publi\u00e9 en d\u00e9cembre 2023. \u00c0 partir de 2024, l\u2019Indice de r\u00e9f\u00e9rence sera publi\u00e9 annuellement, en novembre, ce qui laissera aux investisseurs plus de temps pour analyser et assimiler les informations avant la prochaine saison des procurations, p\u00e9riode durant laquelle les interactions avec les entreprises s\u2019intensifient.<\/p>\n<p>Les \u00e9valuations d\u2019alignement compl\u00e8tent les indicateurs de divulgation en fournissant des \u00e9valuations ind\u00e9pendantes de la mani\u00e8re dont les actions des entreprises s\u2019alignent sur les objectifs d\u2019Engagement climatique Canada et de l\u2019Accord de Paris.<\/p>\n<p>Les \u00e9valuations de l\u2019alignement des engagements politiques ont \u00e9t\u00e9 publi\u00e9es pour la premi\u00e8re fois en avril 2024 et sont mises \u00e0 jour chaque ann\u00e9e parall\u00e8lement \u00e0 la publication des indicateurs du cadre de divulgation.<\/p>\n<p>En 2025, ECC s\u2019est associ\u00e9e \u00e0 l\u2019initiative Carbon Tracker pour \u00e9largir l\u2019indice de r\u00e9f\u00e9rence avec de nouveaux domaines d\u2019\u00e9valuation. Il s\u2019agit notamment d\u2019\u00e9valuer si les d\u00e9penses d\u2019investissement pr\u00e9vues sont conformes aux objectifs climatiques mondiaux et si les entreprises et leurs v\u00e9rificateurs refl\u00e8tent de mani\u00e8re ad\u00e9quate les risques climatiques importants dans les \u00e9tats financiers et les rapports de v\u00e9rification.<\/p>\n\t\t\t\t\t\t\t\t<\/div>\n\t\t\t\t<\/div>\n\t\t\t\t<\/div>\n\t\t\t\t\t<\/details>\n\t\t\t\t\t\t<details id=\"e-n-accordion-item-2481\" class=\"e-n-accordion-item\" >\n\t\t\t\t<summary class=\"e-n-accordion-item-title\" data-accordion-index=\"2\" tabindex=\"-1\" aria-expanded=\"false\" aria-controls=\"e-n-accordion-item-2481\" >\n\t\t\t\t\t<span class='e-n-accordion-item-title-header'><div class=\"e-n-accordion-item-title-text\"> Quels sont les \u00e9l\u00e9ments du cadre de divulgation relatif \u00e0 l\u2019Indice de r\u00e9f\u00e9rence net z\u00e9ro d\u2019ECC? <\/div><\/span>\n\t\t\t\t\t\t\t<span class='e-n-accordion-item-title-icon'>\n\t\t\t<span class='e-opened' ><i aria-hidden=\"true\" class=\"fas fa-angle-double-up\"><\/i><\/span>\n\t\t\t<span class='e-closed'><i aria-hidden=\"true\" class=\"fas fa-angle-double-down\"><\/i><\/span>\n\t\t<\/span>\n\n\t\t\t\t\t\t<\/summary>\n\t\t\t\t<div role=\"region\" aria-labelledby=\"e-n-accordion-item-2481\" class=\"elementor-element elementor-element-d32b5e2 e-con-full e-flex e-con e-child\" data-id=\"d32b5e2\" data-element_type=\"container\" data-e-type=\"container\" data-settings=\"{&quot;jet_parallax_layout_list&quot;:[]}\">\n\t\t\t\t<div class=\"elementor-element elementor-element-f5e658f elementor-widget elementor-widget-text-editor\" data-id=\"f5e658f\" data-element_type=\"widget\" data-e-type=\"widget\" data-widget_type=\"text-editor.default\">\n\t\t\t\t<div class=\"elementor-widget-container\">\n\t\t\t\t\t\t\t\t\t<p>Le cadre de l\u2019Indice de r\u00e9f\u00e9rence net z\u00e9ro d\u2019ECC comprend dix indicateurs de divulgation \u2014 comme l\u2019ont recommand\u00e9 le Comit\u00e9 technique et son Groupe de travail sur la transition \u00e9quitable et les questions autochtones \u2014 tout en ajoutant un contexte suppl\u00e9mentaire propre \u00e0 l\u2019\u00e9conomie unique du Canada. La m\u00e9thodologie d\u2019\u00e9valuation du cadre de r\u00e9f\u00e9rence en mati\u00e8re de divulgation d\u2019ECC a \u00e9t\u00e9 affin\u00e9e gr\u00e2ce aux commentaires et aux consultations avec les investisseurs participants \u00e0 ECC, notamment certains des plus grands gestionnaires d\u2019actifs et propri\u00e9taires d\u2019actifs du Canada, des ONG et des repr\u00e9sentants autochtones.<\/p>\n<p>Les \u00e9valuations des entreprises sont bas\u00e9es sur des informations facilement et publiquement accessibles aux investisseurs concernant les objectifs de r\u00e9duction des \u00e9missions, la strat\u00e9gie de d\u00e9carbonisation, l\u2019alignement de l\u2019allocation du capital, l\u2019engagement en mati\u00e8re de politique climatique, la gouvernance et les questions de transition juste (par exemple, les d\u00e9clarations r\u00e9glement\u00e9es et les divulgations volontaires telles que les rapports ESG\/de durabilit\u00e9). Ces \u00e9valuations \u00e9valuent \u00e9galement la mesure dans laquelle les entreprises publient leurs informations conform\u00e9ment aux cadres mondialement reconnus recommand\u00e9s par l\u2019International Financial Reporting Standards (IFRS), l\u2019International Sustainability Standards Board (ISSB) S2 et les Normes canadiennes d\u2019information sur la durabilit\u00e9 (CSD) du Conseil canadien des normes d\u2019information sur la durabilit\u00e9 (CCNID)2. L\u2019Indice de r\u00e9f\u00e9rence s\u2019appuie sur des m\u00e9thodologies analytiques et des ensembles de donn\u00e9es distincts afin de fournir aux investisseurs et aux autres parties prenantes un outil solide pour faciliter l\u2019engagement avec les entreprises de la Liste des priorit\u00e9s d\u2019ECC.<\/p>\n\t\t\t\t\t\t\t\t<\/div>\n\t\t\t\t<\/div>\n\t\t\t\t<\/div>\n\t\t\t\t\t<\/details>\n\t\t\t\t\t\t<details id=\"e-n-accordion-item-2482\" class=\"e-n-accordion-item\" >\n\t\t\t\t<summary class=\"e-n-accordion-item-title\" data-accordion-index=\"3\" tabindex=\"-1\" aria-expanded=\"false\" aria-controls=\"e-n-accordion-item-2482\" >\n\t\t\t\t\t<span class='e-n-accordion-item-title-header'><div class=\"e-n-accordion-item-title-text\"> Comment l\u2019Indice de r\u00e9f\u00e9rence net z\u00e9ro d\u2019ECC aide-t-il les investisseurs \u00e0 \u00e9valuer les progr\u00e8s des entreprises de la Liste des priorit\u00e9s en mati\u00e8re de d\u00e9carbonisation et d\u2019alignement sur l\u2019Accord de Paris? <\/div><\/span>\n\t\t\t\t\t\t\t<span class='e-n-accordion-item-title-icon'>\n\t\t\t<span class='e-opened' ><i aria-hidden=\"true\" class=\"fas fa-angle-double-up\"><\/i><\/span>\n\t\t\t<span class='e-closed'><i aria-hidden=\"true\" class=\"fas fa-angle-double-down\"><\/i><\/span>\n\t\t<\/span>\n\n\t\t\t\t\t\t<\/summary>\n\t\t\t\t<div role=\"region\" aria-labelledby=\"e-n-accordion-item-2482\" class=\"elementor-element elementor-element-089f69e e-con-full e-flex e-con e-child\" data-id=\"089f69e\" data-element_type=\"container\" data-e-type=\"container\" data-settings=\"{&quot;jet_parallax_layout_list&quot;:[]}\">\n\t\t\t\t<div class=\"elementor-element elementor-element-60962f7 elementor-widget elementor-widget-text-editor\" data-id=\"60962f7\" data-element_type=\"widget\" data-e-type=\"widget\" data-widget_type=\"text-editor.default\">\n\t\t\t\t<div class=\"elementor-widget-container\">\n\t\t\t\t\t\t\t\t\t<p>Les entreprises de la Liste des priorit\u00e9s sont actives dans l\u2019ensemble de l\u2019\u00e9conomie canadienne dans les secteurs du p\u00e9trole et du gaz, des services publics, de l\u2019exploitation mini\u00e8re, de l\u2019agriculture et de l\u2019alimentation, des transports, des mat\u00e9riaux, de l\u2019industrie et les biens de consommation. L\u2019<a href=\"https:\/\/climateengagement.ca\/fr\/indice-de-reference-net-zero-engagement-climatique-canada\/\">Indice de r\u00e9f\u00e9rence<\/a> net z\u00e9ro d\u2019ECC fournit un ensemble de normes communes d\u00e9taill\u00e9es et comparatives visant \u00e0 soutenir les progr\u00e8s des entreprises \u00e9mettrices en vue de s\u2019aligner sur les objectifs de l\u2019Accord de Paris.<\/p>\n<p>Les participants \u00e0 ECC utilisent l\u2019indice de r\u00e9f\u00e9rence pour documenter et faire l\u2019objet de discussions dans le cadre de leurs activit\u00e9s d\u2019engagement avec les entreprises de la Liste des priorit\u00e9s. Les r\u00e9sultats de l\u2019indice de r\u00e9f\u00e9rence fournissent \u00e9galement des informations aux investisseurs participants et aux autres parties prenantes sur les domaines qui n\u00e9cessitent une attention, une recherche ou un soutien suppl\u00e9mentaires.<\/p>\n<p>L\u2019Indice de r\u00e9f\u00e9rence d\u2019ECC donne un aper\u00e7u des r\u00e9sultats, des tendances et des opportunit\u00e9s d\u2019\u00e9change et d\u2019engagement. L\u2019Indice de r\u00e9f\u00e9rence continuera \u00e0 soutenir l\u2019objectif d\u2019ECC, qui consiste \u00e0 favoriser le dialogue avec les \u00e9metteurs canadiens afin de faire progresser la transition vers une \u00e9conomie \u00e0 z\u00e9ro \u00e9mission nette.<\/p>\n\t\t\t\t\t\t\t\t<\/div>\n\t\t\t\t<\/div>\n\t\t\t\t<\/div>\n\t\t\t\t\t<\/details>\n\t\t\t\t\t<\/div>\n\t\t\t\t\t<script type=\"application\/ld+json\">{\"@context\":\"https:\\\/\\\/schema.org\",\"@type\":\"FAQPage\",\"mainEntity\":[{\"@type\":\"Question\",\"name\":\"Qu\\u2019est-ce que l\\u2019Indice de r\\u00e9f\\u00e9rence net z\\u00e9ro d\\u2019ECC?\",\"acceptedAnswer\":{\"@type\":\"Answer\",\"text\":\"Engagement climatique Canada (ECC) a mis sur pied son Indice de r\\u00e9f\\u00e9rence net z\\u00e9ro pour fournir un ensemble de normes communes permettant aux investisseurs d\\u2019\\u00e9valuer les progr\\u00e8s r\\u00e9alis\\u00e9s par les entreprises \\u00e9mettrices pour s\\u2019aligner sur l\\u2019ambition de l\\u2019Accord de Paris\\u00a0: limiter le r\\u00e9chauffement climatique \\u00e0 bien moins de 2\\u00a0\\u00b0C, tout en poursuivant les efforts visant \\u00e0 limiter l\\u2019augmentation \\u00e0 1,5\\u00a0\\u00b0C.\\nL\\u2019Indice de r\\u00e9f\\u00e9rence net z\\u00e9ro d\\u2019ECC n\\u2019est pas un m\\u00e9canisme de divulgation ou une base de donn\\u00e9es, mais plut\\u00f4t un outil d\\u2019\\u00e9valuation, bas\\u00e9 sur des informations accessibles au public. Il recueille des donn\\u00e9es sur les progr\\u00e8s r\\u00e9alis\\u00e9s par les entreprises en mati\\u00e8re de divulgation d\\u2019informations sur le climat et sur la transition vers des \\u00e9missions nettes nulles d\\u2019ici 2050 ou plus t\\u00f4t.\\nLes participants \\u00e0 ECC utilisent l\\u2019indice de r\\u00e9f\\u00e9rence pour documenter et faire l\\u2019objet de discussions dans le cadre de leurs activit\\u00e9s d\\u2019engagement avec les entreprises de la Liste des priorit\\u00e9s. Les r\\u00e9sultats de l\\u2019indice de r\\u00e9f\\u00e9rence fournissent \\u00e9galement des informations aux investisseurs participants et aux autres parties prenantes sur les domaines qui n\\u00e9cessitent une attention, une recherche ou un soutien suppl\\u00e9mentaires.\\nLe premier Indice de r\\u00e9f\\u00e9rence, bas\\u00e9 sur le Cadre de divulgation des indicateurs, a \\u00e9t\\u00e9 publi\\u00e9 en d\\u00e9cembre 2023. \\u00c0 partir de 2024, l\\u2019Indice de r\\u00e9f\\u00e9rence sera publi\\u00e9 annuellement, en novembre, ce qui laissera aux investisseurs plus de temps pour analyser et assimiler les informations avant la prochaine saison des procurations, p\\u00e9riode durant laquelle les interactions avec les entreprises s\\u2019intensifient.\\nLes \\u00e9valuations d\\u2019alignement compl\\u00e8tent les indicateurs de divulgation en fournissant des \\u00e9valuations ind\\u00e9pendantes de la mani\\u00e8re dont les actions des entreprises s\\u2019alignent sur les objectifs d\\u2019Engagement climatique Canada et de l\\u2019Accord de Paris.\\nLes \\u00e9valuations de l\\u2019alignement des engagements politiques ont \\u00e9t\\u00e9 publi\\u00e9es pour la premi\\u00e8re fois en avril 2024 et sont mises \\u00e0 jour chaque ann\\u00e9e parall\\u00e8lement \\u00e0 la publication des indicateurs du cadre de divulgation.\\nEn 2025, ECC s\\u2019est associ\\u00e9e \\u00e0 l\\u2019initiative Carbon Tracker pour \\u00e9largir l\\u2019indice de r\\u00e9f\\u00e9rence avec de nouveaux domaines d\\u2019\\u00e9valuation. Il s\\u2019agit notamment d\\u2019\\u00e9valuer si les d\\u00e9penses d\\u2019investissement pr\\u00e9vues sont conformes aux objectifs climatiques mondiaux et si les entreprises et leurs v\\u00e9rificateurs refl\\u00e8tent de mani\\u00e8re ad\\u00e9quate les risques climatiques importants dans les \\u00e9tats financiers et les rapports de v\\u00e9rification.\"}},{\"@type\":\"Question\",\"name\":\"Quels sont les \\u00e9l\\u00e9ments du cadre de divulgation relatif \\u00e0 l\\u2019Indice de r\\u00e9f\\u00e9rence net z\\u00e9ro d\\u2019ECC?\",\"acceptedAnswer\":{\"@type\":\"Answer\",\"text\":\"Le cadre de l\\u2019Indice de r\\u00e9f\\u00e9rence net z\\u00e9ro d\\u2019ECC comprend dix indicateurs de divulgation \\u2014 comme l\\u2019ont recommand\\u00e9 le Comit\\u00e9 technique et son Groupe de travail sur la transition \\u00e9quitable et les questions autochtones \\u2014 tout en ajoutant un contexte suppl\\u00e9mentaire propre \\u00e0 l\\u2019\\u00e9conomie unique du Canada. La m\\u00e9thodologie d\\u2019\\u00e9valuation du cadre de r\\u00e9f\\u00e9rence en mati\\u00e8re de divulgation d\\u2019ECC a \\u00e9t\\u00e9 affin\\u00e9e gr\\u00e2ce aux commentaires et aux consultations avec les investisseurs participants \\u00e0 ECC, notamment certains des plus grands gestionnaires d\\u2019actifs et propri\\u00e9taires d\\u2019actifs du Canada, des ONG et des repr\\u00e9sentants autochtones.\\nLes \\u00e9valuations des entreprises sont bas\\u00e9es sur des informations facilement et publiquement accessibles aux investisseurs concernant les objectifs de r\\u00e9duction des \\u00e9missions, la strat\\u00e9gie de d\\u00e9carbonisation, l\\u2019alignement de l\\u2019allocation du capital, l\\u2019engagement en mati\\u00e8re de politique climatique, la gouvernance et les questions de transition juste (par exemple, les d\\u00e9clarations r\\u00e9glement\\u00e9es et les divulgations volontaires telles que les rapports ESG\\\/de durabilit\\u00e9). Ces \\u00e9valuations \\u00e9valuent \\u00e9galement la mesure dans laquelle les entreprises publient leurs informations conform\\u00e9ment aux cadres mondialement reconnus recommand\\u00e9s par l\\u2019International Financial Reporting Standards (IFRS), l\\u2019International Sustainability Standards Board (ISSB) S2 et les Normes canadiennes d\\u2019information sur la durabilit\\u00e9 (CSD) du Conseil canadien des normes d\\u2019information sur la durabilit\\u00e9 (CCNID)2. L\\u2019Indice de r\\u00e9f\\u00e9rence s\\u2019appuie sur des m\\u00e9thodologies analytiques et des ensembles de donn\\u00e9es distincts afin de fournir aux investisseurs et aux autres parties prenantes un outil solide pour faciliter l\\u2019engagement avec les entreprises de la Liste des priorit\\u00e9s d\\u2019ECC.\"}},{\"@type\":\"Question\",\"name\":\"Comment l\\u2019Indice de r\\u00e9f\\u00e9rence net z\\u00e9ro d\\u2019ECC aide-t-il les investisseurs \\u00e0 \\u00e9valuer les progr\\u00e8s des entreprises de la Liste des priorit\\u00e9s en mati\\u00e8re de d\\u00e9carbonisation et d\\u2019alignement sur l\\u2019Accord de Paris?\",\"acceptedAnswer\":{\"@type\":\"Answer\",\"text\":\"Les entreprises de la Liste des priorit\\u00e9s sont actives dans l\\u2019ensemble de l\\u2019\\u00e9conomie canadienne dans les secteurs du p\\u00e9trole et du gaz, des services publics, de l\\u2019exploitation mini\\u00e8re, de l\\u2019agriculture et de l\\u2019alimentation, des transports, des mat\\u00e9riaux, de l\\u2019industrie et les biens de consommation. L\\u2019Indice de r\\u00e9f\\u00e9rence net z\\u00e9ro d\\u2019ECC fournit un ensemble de normes communes d\\u00e9taill\\u00e9es et comparatives visant \\u00e0 soutenir les progr\\u00e8s des entreprises \\u00e9mettrices en vue de s\\u2019aligner sur les objectifs de l\\u2019Accord de Paris.\\nLes participants \\u00e0 ECC utilisent l\\u2019indice de r\\u00e9f\\u00e9rence pour documenter et faire l\\u2019objet de discussions dans le cadre de leurs activit\\u00e9s d\\u2019engagement avec les entreprises de la Liste des priorit\\u00e9s. Les r\\u00e9sultats de l\\u2019indice de r\\u00e9f\\u00e9rence fournissent \\u00e9galement des informations aux investisseurs participants et aux autres parties prenantes sur les domaines qui n\\u00e9cessitent une attention, une recherche ou un soutien suppl\\u00e9mentaires.\\nL\\u2019Indice de r\\u00e9f\\u00e9rence d\\u2019ECC donne un aper\\u00e7u des r\\u00e9sultats, des tendances et des opportunit\\u00e9s d\\u2019\\u00e9change et d\\u2019engagement. L\\u2019Indice de r\\u00e9f\\u00e9rence continuera \\u00e0 soutenir l\\u2019objectif d\\u2019ECC, qui consiste \\u00e0 favoriser le dialogue avec les \\u00e9metteurs canadiens afin de faire progresser la transition vers une \\u00e9conomie \\u00e0 z\\u00e9ro \\u00e9mission nette.\"}}]}<\/script>\n\t\t\t\t\t\t\t<\/div>\n\t\t\t\t<\/div>\n\t\t\t\t<\/div>\n\t\t\t\t<\/div>\n\t\t\t\t<\/div>\n\t\t<div class=\"elementor-element elementor-element-e75ac52 e-con-full e-flex e-con e-child\" data-id=\"e75ac52\" data-element_type=\"container\" data-e-type=\"container\" data-settings=\"{&quot;jet_parallax_layout_list&quot;:[]}\">\n\t\t<div class=\"elementor-element elementor-element-8d8f2bc e-con-full e-flex e-con e-child\" data-id=\"8d8f2bc\" data-element_type=\"container\" data-e-type=\"container\" data-settings=\"{&quot;jet_parallax_layout_list&quot;:[]}\">\n\t\t<div class=\"elementor-element elementor-element-82e59d3 e-con-full e-flex e-con e-child\" data-id=\"82e59d3\" data-element_type=\"container\" data-e-type=\"container\" data-settings=\"{&quot;jet_parallax_layout_list&quot;:[]}\">\n\t\t\t\t<div class=\"elementor-element elementor-element-b52cb57 elementor-widget elementor-widget-heading\" data-id=\"b52cb57\" data-element_type=\"widget\" data-e-type=\"widget\" data-widget_type=\"heading.default\">\n\t\t\t\t<div class=\"elementor-widget-container\">\n\t\t\t\t\t<h3 class=\"elementor-heading-title elementor-size-default\">Indicateurs de divulgation<\/h3>\t\t\t\t<\/div>\n\t\t\t\t<\/div>\n\t\t\t\t<div class=\"elementor-element elementor-element-15e257d elementor-widget-divider--view-line elementor-widget elementor-widget-divider\" data-id=\"15e257d\" data-element_type=\"widget\" data-e-type=\"widget\" data-widget_type=\"divider.default\">\n\t\t\t\t<div class=\"elementor-widget-container\">\n\t\t\t\t\t\t\t<div class=\"elementor-divider\">\n\t\t\t<span class=\"elementor-divider-separator\">\n\t\t\t\t\t\t<\/span>\n\t\t<\/div>\n\t\t\t\t\t\t<\/div>\n\t\t\t\t<\/div>\n\t\t\t\t<\/div>\n\t\t\t\t<\/div>\n\t\t<div class=\"elementor-element elementor-element-0c9796f e-con-full e-flex e-con e-child\" data-id=\"0c9796f\" data-element_type=\"container\" data-e-type=\"container\" data-settings=\"{&quot;jet_parallax_layout_list&quot;:[]}\">\n\t\t<div class=\"elementor-element elementor-element-1c47857 e-con-full e-flex e-con e-child\" data-id=\"1c47857\" data-element_type=\"container\" data-e-type=\"container\" data-settings=\"{&quot;jet_parallax_layout_list&quot;:[]}\">\n\t\t\t\t<div class=\"elementor-element elementor-element-83c1752 elementor-widget elementor-widget-image\" data-id=\"83c1752\" data-element_type=\"widget\" data-e-type=\"widget\" data-widget_type=\"image.default\">\n\t\t\t\t<div class=\"elementor-widget-container\">\n\t\t\t\t\t\t\t\t\t\t\t\t\t\t\t<img decoding=\"async\" width=\"1024\" height=\"683\" src=\"https:\/\/climateengagement.ca\/wp-content\/uploads\/2024\/10\/AdobeStock_177685062-1024x683.jpeg\" class=\"attachment-large size-large wp-image-10825\" alt=\"\" srcset=\"https:\/\/climateengagement.ca\/wp-content\/uploads\/2024\/10\/AdobeStock_177685062-1024x683.jpeg 1024w, https:\/\/climateengagement.ca\/wp-content\/uploads\/2024\/10\/AdobeStock_177685062-300x200.jpeg 300w, https:\/\/climateengagement.ca\/wp-content\/uploads\/2024\/10\/AdobeStock_177685062-768x512.jpeg 768w, https:\/\/climateengagement.ca\/wp-content\/uploads\/2024\/10\/AdobeStock_177685062-1536x1024.jpeg 1536w, https:\/\/climateengagement.ca\/wp-content\/uploads\/2024\/10\/AdobeStock_177685062-2048x1365.jpeg 2048w\" sizes=\"(max-width: 1024px) 100vw, 1024px\" \/>\t\t\t\t\t\t\t\t\t\t\t\t\t\t\t<\/div>\n\t\t\t\t<\/div>\n\t\t\t\t<\/div>\n\t\t<div class=\"elementor-element elementor-element-966e40a e-con-full e-flex e-con e-child\" data-id=\"966e40a\" data-element_type=\"container\" data-e-type=\"container\" data-settings=\"{&quot;jet_parallax_layout_list&quot;:[]}\">\n\t\t\t\t<div class=\"elementor-element elementor-element-bd02d8e .toggle-shadow elementor-widget elementor-widget-n-accordion\" data-id=\"bd02d8e\" data-element_type=\"widget\" data-e-type=\"widget\" data-settings=\"{&quot;default_state&quot;:&quot;all_collapsed&quot;,&quot;max_items_expended&quot;:&quot;one&quot;,&quot;n_accordion_animation_duration&quot;:{&quot;unit&quot;:&quot;ms&quot;,&quot;size&quot;:400,&quot;sizes&quot;:[]}}\" data-widget_type=\"nested-accordion.default\">\n\t\t\t\t<div class=\"elementor-widget-container\">\n\t\t\t\t\t\t\t<div class=\"e-n-accordion\" aria-label=\"Accordion. Open links with Enter or Space, close with Escape, and navigate with Arrow Keys\">\n\t\t\t\t\t\t<details id=\"e-n-accordion-item-1980\" class=\"e-n-accordion-item\" >\n\t\t\t\t<summary class=\"e-n-accordion-item-title\" data-accordion-index=\"1\" tabindex=\"0\" aria-expanded=\"false\" aria-controls=\"e-n-accordion-item-1980\" >\n\t\t\t\t\t<span class='e-n-accordion-item-title-header'><div class=\"e-n-accordion-item-title-text\"> Qu\u2019est-ce qui constitue un objectif \u00ab\u2009z\u00e9ro \u00e9mission nette\u2009\u00bb (m\u00e9trique 1.1) dans l\u2019Indice de r\u00e9f\u00e9rence d\u2019ECC? <\/div><\/span>\n\t\t\t\t\t\t\t<span class='e-n-accordion-item-title-icon'>\n\t\t\t<span class='e-opened' ><i aria-hidden=\"true\" class=\"fas fa-angle-double-up\"><\/i><\/span>\n\t\t\t<span class='e-closed'><i aria-hidden=\"true\" class=\"fas fa-angle-double-down\"><\/i><\/span>\n\t\t<\/span>\n\n\t\t\t\t\t\t<\/summary>\n\t\t\t\t<div role=\"region\" aria-labelledby=\"e-n-accordion-item-1980\" class=\"elementor-element elementor-element-4aec50c e-con-full e-flex e-con e-child\" data-id=\"4aec50c\" data-element_type=\"container\" data-e-type=\"container\" data-settings=\"{&quot;jet_parallax_layout_list&quot;:[]}\">\n\t\t\t\t<div class=\"elementor-element elementor-element-d11d1a4 elementor-widget elementor-widget-text-editor\" data-id=\"d11d1a4\" data-element_type=\"widget\" data-e-type=\"widget\" data-widget_type=\"text-editor.default\">\n\t\t\t\t<div class=\"elementor-widget-container\">\n\t\t\t\t\t\t\t\t\t<p>Selon l\u2019Indice de r\u00e9f\u00e9rence d\u2019ECC, pour \u00eatre consid\u00e9r\u00e9e comme ayant un objectif \u00e0 z\u00e9ro \u00e9mission nette, une entreprise doit clairement identifier une ann\u00e9e de r\u00e9f\u00e9rence et affirmer que l\u2019objectif couvre la totalit\u00e9 ou la quasi-totalit\u00e9 des \u00e9missions de port\u00e9e\u00a01 et 2 de l\u2019entreprise.<\/p>\n\t\t\t\t\t\t\t\t<\/div>\n\t\t\t\t<\/div>\n\t\t\t\t<\/div>\n\t\t\t\t\t<\/details>\n\t\t\t\t\t\t<details id=\"e-n-accordion-item-1981\" class=\"e-n-accordion-item\" >\n\t\t\t\t<summary class=\"e-n-accordion-item-title\" data-accordion-index=\"2\" tabindex=\"-1\" aria-expanded=\"false\" aria-controls=\"e-n-accordion-item-1981\" >\n\t\t\t\t\t<span class='e-n-accordion-item-title-header'><div class=\"e-n-accordion-item-title-text\"> Quelle est la relation entre l\u2019Indicateur 1 et l\u2019Indicateur 2 de l\u2019Indice de r\u00e9f\u00e9rence d\u2019ECC, et comment les sous-indicateurs 2.3, 3.3 et 4.3 se rapportent-ils \u00e0 l\u2019approche de l\u2019initiative Science-Based Targets (SBTi) en mati\u00e8re de v\u00e9rification des cibles des entreprises? <\/div><\/span>\n\t\t\t\t\t\t\t<span class='e-n-accordion-item-title-icon'>\n\t\t\t<span class='e-opened' ><i aria-hidden=\"true\" class=\"fas fa-angle-double-up\"><\/i><\/span>\n\t\t\t<span class='e-closed'><i aria-hidden=\"true\" class=\"fas fa-angle-double-down\"><\/i><\/span>\n\t\t<\/span>\n\n\t\t\t\t\t\t<\/summary>\n\t\t\t\t<div role=\"region\" aria-labelledby=\"e-n-accordion-item-1981\" class=\"elementor-element elementor-element-6001cfe e-con-full e-flex e-con e-child\" data-id=\"6001cfe\" data-element_type=\"container\" data-e-type=\"container\" data-settings=\"{&quot;jet_parallax_layout_list&quot;:[]}\">\n\t\t\t\t<div class=\"elementor-element elementor-element-d2d4695 elementor-widget elementor-widget-text-editor\" data-id=\"d2d4695\" data-element_type=\"widget\" data-e-type=\"widget\" data-widget_type=\"text-editor.default\">\n\t\t\t\t<div class=\"elementor-widget-container\">\n\t\t\t\t\t\t\t\t\t<p>L\u2019indicateur\u00a01\u00a0: Ambition d\u2019atteindre des \u00e9missions de GES nettes nulles d\u2019ici 2050 (ou plus t\u00f4t)\u2009\u00bb de l\u2019Indice de r\u00e9f\u00e9rence d\u2019ECC est con\u00e7u pour refl\u00e9ter l\u2019engagement de haut niveau de l\u2019entreprise en faveur de l\u2019objectif z\u00e9ro \u00e9mission nette. L\u2019indicateur\u00a01 doit \u00eatre consid\u00e9r\u00e9 comme compl\u00e9mentaire de l\u2019indicateur\u00a02\u00a0: Objectifs \u00e0 long terme de l\u2019Indice de r\u00e9f\u00e9rence d\u2019ECC, qui comprend une \u00e9tape de v\u00e9rification sous la forme du sous-indicateur\u00a02.3, qui \u00e9value si l\u2019objectif \u00e0 long terme d\u2019une entreprise (couvrant la p\u00e9riode\u00a02036-2050) est align\u00e9 sur une trajectoire 1,5\u00a0\u00b0C pour son secteur. Le sous-indicateur\u00a02.3, ainsi que les sous-indicateurs\u00a03.3 et 4.3, se rapproche le plus de l\u2019approche du SBTi, bien qu\u2019ils ne soient pas identiques.<\/p>\n<p>Le Transition Pathway Initiative (TPI), qui \u00e9value les sous-indicateurs\u00a02.3, 3.3 et 4.3 pour le CA100+, utilise une approche l\u00e9g\u00e8rement diff\u00e9rente pour v\u00e9rifier les objectifs des entreprises, bien que le TPI et la SBTi s\u2019appuient sur les m\u00eames bases (SBTi et TPI utilisent tous deux le sc\u00e9nario Net Zero Emissions by\u00a02050 &#8211; ou 1,5\u00a0\u00b0C &#8211; de l\u2019AIE et l\u2019approche de la d\u00e9carbonisation sectorielle pour tracer des trajectoires \u00e0 1,5\u00a0\u00b0C pour les secteurs). Cela signifie qu\u2019ils ne parviennent pas toujours \u00e0 la m\u00eame conclusion quant \u00e0 savoir si les objectifs sont align\u00e9s sur un sc\u00e9nario de 1,5\u00a0\u00b0C ou non. En r\u00e9sum\u00e9, l\u2019indicateur\u00a01 est formul\u00e9 diff\u00e9remment de la norme SBTi, mais avec le sous-indicateur\u00a02.3, il pr\u00e9sente un niveau d\u2019ambition similaire en v\u00e9rifiant si les entreprises ont des objectifs \u00e0 long terme solides et align\u00e9s sur le sc\u00e9nario de 1,5\u00a0\u00b0C.<\/p>\n\t\t\t\t\t\t\t\t<\/div>\n\t\t\t\t<\/div>\n\t\t\t\t<\/div>\n\t\t\t\t\t<\/details>\n\t\t\t\t\t\t<details id=\"e-n-accordion-item-1982\" class=\"e-n-accordion-item\" >\n\t\t\t\t<summary class=\"e-n-accordion-item-title\" data-accordion-index=\"3\" tabindex=\"-1\" aria-expanded=\"false\" aria-controls=\"e-n-accordion-item-1982\" >\n\t\t\t\t\t<span class='e-n-accordion-item-title-header'><div class=\"e-n-accordion-item-title-text\"> Comment l\u2019Indice de r\u00e9f\u00e9rence tient-il compte de la taxonomie du financement de transition du Canada (sous-indicateur 5.2) en tant que norme nationale \u00e9mergente? <\/div><\/span>\n\t\t\t\t\t\t\t<span class='e-n-accordion-item-title-icon'>\n\t\t\t<span class='e-opened' ><i aria-hidden=\"true\" class=\"fas fa-angle-double-up\"><\/i><\/span>\n\t\t\t<span class='e-closed'><i aria-hidden=\"true\" class=\"fas fa-angle-double-down\"><\/i><\/span>\n\t\t<\/span>\n\n\t\t\t\t\t\t<\/summary>\n\t\t\t\t<div role=\"region\" aria-labelledby=\"e-n-accordion-item-1982\" class=\"elementor-element elementor-element-9278401 e-con-full e-flex e-con e-child\" data-id=\"9278401\" data-element_type=\"container\" data-e-type=\"container\" data-settings=\"{&quot;jet_parallax_layout_list&quot;:[]}\">\n\t\t\t\t<div class=\"elementor-element elementor-element-d2a2ef2 elementor-widget elementor-widget-text-editor\" data-id=\"d2a2ef2\" data-element_type=\"widget\" data-e-type=\"widget\" data-widget_type=\"text-editor.default\">\n\t\t\t\t<div class=\"elementor-widget-container\">\n\t\t\t\t\t\t\t\t\t<p>L\u2019\u00e9valuation du sous-indicateur\u00a05.2 et des mesures connexes a \u00e9t\u00e9 con\u00e7ue pour s\u2019appuyer sur les crit\u00e8res de la taxonomie canadienne et\/ou de la taxonomie verte de l\u2019Union europ\u00e9enne concernant le chiffre d\u2019affaires, les revenus et\/ou les projets verts, selon le cas, et continuera \u00e0 le faire dans les prochaines versions de l\u2019Indice de r\u00e9f\u00e9rence. Les crit\u00e8res utilis\u00e9s pour \u00e9valuer les entreprises ayant des activit\u00e9s significatives dans des juridictions soumises \u00e0 des syst\u00e8mes de classification des revenus verts et \u00e0 des taxonomies r\u00e9gionales seront laiss\u00e9s \u00e0 la discr\u00e9tion du comit\u00e9 directeur et du comit\u00e9 technique de la CEC et pris en compte dans le cadre du processus d\u2019\u00e9valuation de l\u2019Indice de r\u00e9f\u00e9rence d\u2019ECC.<\/p>\n\t\t\t\t\t\t\t\t<\/div>\n\t\t\t\t<\/div>\n\t\t\t\t<\/div>\n\t\t\t\t\t<\/details>\n\t\t\t\t\t\t<details id=\"e-n-accordion-item-1983\" class=\"e-n-accordion-item\" >\n\t\t\t\t<summary class=\"e-n-accordion-item-title\" data-accordion-index=\"4\" tabindex=\"-1\" aria-expanded=\"false\" aria-controls=\"e-n-accordion-item-1983\" >\n\t\t\t\t\t<span class='e-n-accordion-item-title-header'><div class=\"e-n-accordion-item-title-text\"> Comment l\u2019Indicateur 7, le plaidoyer de l\u2019entreprise en mati\u00e8re de politiques climatiques, s\u2019int\u00e8gre-t-il dans l\u2019initiative d\u2019ECC? Pourquoi les investisseurs devraient-ils s\u2019int\u00e9resser aux activit\u00e9s de d\u00e9fense des int\u00e9r\u00eats des entreprises et\/ou de leurs associations professionnelles? <\/div><\/span>\n\t\t\t\t\t\t\t<span class='e-n-accordion-item-title-icon'>\n\t\t\t<span class='e-opened' ><i aria-hidden=\"true\" class=\"fas fa-angle-double-up\"><\/i><\/span>\n\t\t\t<span class='e-closed'><i aria-hidden=\"true\" class=\"fas fa-angle-double-down\"><\/i><\/span>\n\t\t<\/span>\n\n\t\t\t\t\t\t<\/summary>\n\t\t\t\t<div role=\"region\" aria-labelledby=\"e-n-accordion-item-1983\" class=\"elementor-element elementor-element-f53adb6 e-con-full e-flex e-con e-child\" data-id=\"f53adb6\" data-element_type=\"container\" data-e-type=\"container\" data-settings=\"{&quot;jet_parallax_layout_list&quot;:[]}\">\n\t\t\t\t<div class=\"elementor-element elementor-element-1b05d27 elementor-widget elementor-widget-text-editor\" data-id=\"1b05d27\" data-element_type=\"widget\" data-e-type=\"widget\" data-widget_type=\"text-editor.default\">\n\t\t\t\t<div class=\"elementor-widget-container\">\n\t\t\t\t\t\t\t\t\t<p>L\u2019Indicateur\u00a07 \u00e9value si les entreprises d\u00e9fendent des politiques climatiques align\u00e9es sur les objectifs de l\u2019Accord de Paris et si elles veillent \u00e0 ce que les associations professionnelles desquelles elles font partie fassent de m\u00eame. Les activit\u00e9s de plaidoyer des entreprises qui sont incompatibles avec les engagements pris pour atteindre les objectifs de l\u2019Accord de Paris peuvent pr\u00e9senter des risques financiers pour les entreprises et les investisseurs, notamment\u00a0:<\/p>\n<p><strong>Risques r\u00e9glementaires \u2013<\/strong> Les retards dans l\u2019action politique sur le changement climatique pourraient entra\u00eener la n\u00e9cessit\u00e9 d\u2019interventions r\u00e9glementaires plus fortes et plus drastiques par la suite, ce qui entra\u00eenerait des co\u00fbts plus \u00e9lev\u00e9s pour les entreprises b\u00e9n\u00e9ficiaires d\u2019investissements\u2009;<\/p>\n<p><strong>Risques \u00e9conomiques syst\u00e9miques \u2013 <\/strong>Un retard dans la mise en \u0153uvre de l\u2019Accord de Paris pourrait accro\u00eetre les risques physiques li\u00e9s au changement climatique, ce qui accro\u00eet l\u2019incertitude et la volatilit\u00e9 des portefeuilles et pose un risque syst\u00e9mique pour la stabilit\u00e9 \u00e9conomique mondiale\u2009; et<\/p>\n<p><strong>Risques juridiques et d\u2019atteinte \u00e0 la r\u00e9putation \u2013<\/strong> Les entreprises b\u00e9n\u00e9ficiaires peuvent \u00eatre confront\u00e9es \u00e0 des r\u00e9actions n\u00e9gatives de la part de leurs consommateurs, investisseurs ou autres parties prenantes si elles, ou les associations dont elles sont membres, sont per\u00e7ues comme retardant ou bloquant une politique climatique efficace.<\/p>\n<p>De plus, ECC int\u00e8gre les r\u00e9sultats des recherches d\u2019InfluenceMap afin d\u2019am\u00e9liorer cet indicateur gr\u00e2ce \u00e0 des \u00e9valuations de l\u2019alignement des politiques publiques. Ces \u00e9valuations \u00e9valuent de mani\u00e8re ind\u00e9pendante et fournissent des informations suppl\u00e9mentaires sur la mesure dans laquelle les entreprises alignent leurs efforts en mati\u00e8re de politique climatique sur les objectifs de l\u2019Accord de Paris, tant directement qu\u2019indirectement, par le biais des actions men\u00e9es par leurs associations professionnelles.<\/p>\n\t\t\t\t\t\t\t\t<\/div>\n\t\t\t\t<\/div>\n\t\t\t\t<\/div>\n\t\t\t\t\t<\/details>\n\t\t\t\t\t\t<details id=\"e-n-accordion-item-1984\" class=\"e-n-accordion-item\" >\n\t\t\t\t<summary class=\"e-n-accordion-item-title\" data-accordion-index=\"5\" tabindex=\"-1\" aria-expanded=\"false\" aria-controls=\"e-n-accordion-item-1984\" >\n\t\t\t\t\t<span class='e-n-accordion-item-title-header'><div class=\"e-n-accordion-item-title-text\"> Quelle est l\u2019importance de l\u2019Indicateur 9, Transition juste, et en quoi est-il unique dans le contexte canadien? <\/div><\/span>\n\t\t\t\t\t\t\t<span class='e-n-accordion-item-title-icon'>\n\t\t\t<span class='e-opened' ><i aria-hidden=\"true\" class=\"fas fa-angle-double-up\"><\/i><\/span>\n\t\t\t<span class='e-closed'><i aria-hidden=\"true\" class=\"fas fa-angle-double-down\"><\/i><\/span>\n\t\t<\/span>\n\n\t\t\t\t\t\t<\/summary>\n\t\t\t\t<div role=\"region\" aria-labelledby=\"e-n-accordion-item-1984\" class=\"elementor-element elementor-element-01e4f6a e-con-full e-flex e-con e-child\" data-id=\"01e4f6a\" data-element_type=\"container\" data-e-type=\"container\" data-settings=\"{&quot;jet_parallax_layout_list&quot;:[]}\">\n\t\t\t\t<div class=\"elementor-element elementor-element-9fec63e elementor-widget elementor-widget-text-editor\" data-id=\"9fec63e\" data-element_type=\"widget\" data-e-type=\"widget\" data-widget_type=\"text-editor.default\">\n\t\t\t\t<div class=\"elementor-widget-container\">\n\t\t\t\t\t\t\t\t\t<p>Afin d\u2019\u00e9laborer une approche typiquement canadienne pour acc\u00e9l\u00e9rer la d\u00e9carbonisation de notre \u00e9conomie, les investisseurs canadiens sont encourag\u00e9s \u00e0 tenir compte des engagements nationaux, tels que les appels \u00e0 l\u2019action de la Commission de v\u00e9rit\u00e9 et de r\u00e9conciliation du Canada, ainsi que la D\u00e9claration des Nations unies sur les droits des peuples autochtones.<\/p>\n<p>Pour mettre ces engagements en pratique, le Secr\u00e9tariat d\u2019ECC a form\u00e9 un groupe de travail sur la transition juste qui, sous la supervision du Comit\u00e9 technique et avec l\u2019approbation du Comit\u00e9 directeur, a d\u00e9termin\u00e9 que l\u2019Indice de r\u00e9f\u00e9rence d\u2019ECC devrait \u00e9tablir un indicateur ax\u00e9 sur l\u2019\u00e9valuation de l\u2019impact potentiel de la transition d\u2019une entreprise sur les peuples autochtones. L\u2019existence d\u2019une m\u00e9trique distincte pour les questions autochtones vise notamment \u00e0 souligner l\u2019importance de l\u2019int\u00e9gration d\u2019une perspective autochtone dans la transition nette z\u00e9ro du Canada, le contexte juridique et social unique entourant les droits autochtones et l\u2019impact potentiel consid\u00e9rable que l\u2019abandon des industries \u00e0 forte intensit\u00e9 de GES peut avoir sur les travailleurs, les communaut\u00e9s et les clients des Premi\u00e8res Nations, des Inuits et des M\u00e9tis.<\/p>\n<p>Les m\u00e9triques relative \u00e0 la transition juste et les questions autochtones d\u2019ECC s\u2019appuient sur des documents d\u2019orientation canadiens et internationaux, notamment l\u2019indicateur de transition juste de CA100+, l\u2019article\u00a035 de la Loi constitutionnelle de 1982, l\u2019Appel \u00e0 l\u2019action no\u00a092 de la Commission de v\u00e9rit\u00e9 et de r\u00e9conciliation du Canada, l\u2019Accord de Paris, les Principes directeurs pour une transition juste de l\u2019Organisation internationale du travail (OIT), ainsi que les points de r\u00e9f\u00e9rence sur la transition juste de la World Benchmarking Alliance et ses points de r\u00e9f\u00e9rence sur la transition juste, entre autres. L\u2019indicateur\u00a09 est donc essentiel pour garantir que les entreprises canadiennes adoptent des pratiques qui favorisent une transition juste et aborde les impacts potentiels sur les peuples autochtones.<\/p>\n\t\t\t\t\t\t\t\t<\/div>\n\t\t\t\t<\/div>\n\t\t\t\t<\/div>\n\t\t\t\t\t<\/details>\n\t\t\t\t\t\t<details id=\"e-n-accordion-item-1985\" class=\"e-n-accordion-item\" >\n\t\t\t\t<summary class=\"e-n-accordion-item-title\" data-accordion-index=\"6\" tabindex=\"-1\" aria-expanded=\"false\" aria-controls=\"e-n-accordion-item-1985\" >\n\t\t\t\t\t<span class='e-n-accordion-item-title-header'><div class=\"e-n-accordion-item-title-text\"> Qu\u2019entend ECC par \u00ab\u2009conforme \u00e0 l\u2019Accord de Paris\u2009\u00bb dans les descriptions des sous-indicateurs? Qu\u2019est-ce que cela signifie pour une entreprise d\u2019\u00eatre \u00ab\u2009align\u00e9e sur l\u2019Accord de Paris\u2009\u00bb? <\/div><\/span>\n\t\t\t\t\t\t\t<span class='e-n-accordion-item-title-icon'>\n\t\t\t<span class='e-opened' ><i aria-hidden=\"true\" class=\"fas fa-angle-double-up\"><\/i><\/span>\n\t\t\t<span class='e-closed'><i aria-hidden=\"true\" class=\"fas fa-angle-double-down\"><\/i><\/span>\n\t\t<\/span>\n\n\t\t\t\t\t\t<\/summary>\n\t\t\t\t<div role=\"region\" aria-labelledby=\"e-n-accordion-item-1985\" class=\"elementor-element elementor-element-8268e0e e-con-full e-flex e-con e-child\" data-id=\"8268e0e\" data-element_type=\"container\" data-e-type=\"container\" data-settings=\"{&quot;jet_parallax_layout_list&quot;:[]}\">\n\t\t\t\t<div class=\"elementor-element elementor-element-c1e55cd elementor-widget elementor-widget-text-editor\" data-id=\"c1e55cd\" data-element_type=\"widget\" data-e-type=\"widget\" data-widget_type=\"text-editor.default\">\n\t\t\t\t<div class=\"elementor-widget-container\">\n\t\t\t\t\t\t\t\t\t<p>L\u2019Indice de r\u00e9f\u00e9rence d\u2019ECC mesure les engagements et les objectifs que les entreprises ont mis en place, et d\u00e9termine s\u2019ils sont conformes \u00e0 l\u2019objectif de l\u2019Accord de Paris de limiter le r\u00e9chauffement climatique \u00e0 1,5\u00a0\u00b0C d\u2019ici la fin du si\u00e8cle. Un certain nombre d\u2019indicateurs du cadre de divulgation de l\u2019Indice de r\u00e9f\u00e9rence d\u2019ECC se concentrent sur ce point.<\/p>\n<p>Par exemple, l\u2019indicateur\u00a01 confirme que les entreprises se sont engag\u00e9es \u00e0 atteindre des \u00e9missions nettes nulles d\u2019ici 2050, ce qui correspond au niveau d\u2019ambition n\u00e9cessaire pour limiter le r\u00e9chauffement de la plan\u00e8te \u00e0 1,5\u00a0\u00b0C. D\u2019autres indicateurs, tels que les indicateurs\u00a02.3, 3.3 et 4.3, examinent dans quelle mesure les \u00e9missions d\u2019une entreprise s\u2019alignent sur les sc\u00e9narios de 1,5\u00a0\u00b0C. L\u2019indicateur\u00a06 cherche \u00e0 savoir si les entreprises pr\u00e9voient d\u2019investir de mani\u00e8re \u00e0 s\u2019aligner sur le 1,5\u00a0\u00b0C, tandis que l\u2019indicateur\u00a07 \u00e9value si les entreprises font du lobbying en faveur de l\u2019Accord de Paris. Enfin, l\u2019Indicateur\u00a010 \u00e9value si les entreprises ont inclus un sc\u00e9nario de 1,5\u00a0\u00b0C dans leur analyse du climat.<\/p>\n\t\t\t\t\t\t\t\t<\/div>\n\t\t\t\t<\/div>\n\t\t\t\t<\/div>\n\t\t\t\t\t<\/details>\n\t\t\t\t\t\t<details id=\"e-n-accordion-item-1986\" class=\"e-n-accordion-item\" >\n\t\t\t\t<summary class=\"e-n-accordion-item-title\" data-accordion-index=\"7\" tabindex=\"-1\" aria-expanded=\"false\" aria-controls=\"e-n-accordion-item-1986\" >\n\t\t\t\t\t<span class='e-n-accordion-item-title-header'><div class=\"e-n-accordion-item-title-text\"> Que se passe-t-il si une entreprise de la Liste des priorit\u00e9s publie une mise \u00e0 jour importante apr\u00e8s la date d\u2019\u00e9valuation de l\u2019Indice de r\u00e9f\u00e9rence? <\/div><\/span>\n\t\t\t\t\t\t\t<span class='e-n-accordion-item-title-icon'>\n\t\t\t<span class='e-opened' ><i aria-hidden=\"true\" class=\"fas fa-angle-double-up\"><\/i><\/span>\n\t\t\t<span class='e-closed'><i aria-hidden=\"true\" class=\"fas fa-angle-double-down\"><\/i><\/span>\n\t\t<\/span>\n\n\t\t\t\t\t\t<\/summary>\n\t\t\t\t<div role=\"region\" aria-labelledby=\"e-n-accordion-item-1986\" class=\"elementor-element elementor-element-3e258db e-con-full e-flex e-con e-child\" data-id=\"3e258db\" data-element_type=\"container\" data-e-type=\"container\" data-settings=\"{&quot;jet_parallax_layout_list&quot;:[]}\">\n\t\t\t\t<div class=\"elementor-element elementor-element-2b831bc elementor-widget elementor-widget-text-editor\" data-id=\"2b831bc\" data-element_type=\"widget\" data-e-type=\"widget\" data-widget_type=\"text-editor.default\">\n\t\t\t\t<div class=\"elementor-widget-container\">\n\t\t\t\t\t\t\t\t\t<p>L\u2019\u00e9tablissement d\u2019une date butoir est n\u00e9cessaire pour fixer un point de r\u00e9f\u00e9rence pouvant \u00eatre \u00e9valu\u00e9 chaque ann\u00e9e et pour permettre aux partenaires de recherche de proc\u00e9der \u00e0 l\u2019\u00e9valuation avant la publication.<\/p>\n<p><strong>Une date limite annuelle coh\u00e9rente pour les divulgations accept\u00e9es, fix\u00e9e au 1er\u00a0juin, a \u00e9t\u00e9 appliqu\u00e9e chaque ann\u00e9e pour l\u2019\u00e9valuation comparative des divulgations d\u2019ECC.<\/strong><\/p>\n<p>Certaines entreprises de la Liste des priorit\u00e9s commencent \u00e0 ajuster la date de publication de leurs informations relatives au climat pour s\u2019aligner sur les d\u00e9lais d\u2019\u00e9valuation d\u2019ECC.<\/p>\n\t\t\t\t\t\t\t\t<\/div>\n\t\t\t\t<\/div>\n\t\t\t\t<\/div>\n\t\t\t\t\t<\/details>\n\t\t\t\t\t\t<details id=\"e-n-accordion-item-1987\" class=\"e-n-accordion-item\" >\n\t\t\t\t<summary class=\"e-n-accordion-item-title\" data-accordion-index=\"8\" tabindex=\"-1\" aria-expanded=\"false\" aria-controls=\"e-n-accordion-item-1987\" >\n\t\t\t\t\t<span class='e-n-accordion-item-title-header'><div class=\"e-n-accordion-item-title-text\"> Les \u00e9valuations de l\u2019indice de r\u00e9f\u00e9rence sont-elles partag\u00e9es avec les entreprises de la Liste des priorit\u00e9s? <\/div><\/span>\n\t\t\t\t\t\t\t<span class='e-n-accordion-item-title-icon'>\n\t\t\t<span class='e-opened' ><i aria-hidden=\"true\" class=\"fas fa-angle-double-up\"><\/i><\/span>\n\t\t\t<span class='e-closed'><i aria-hidden=\"true\" class=\"fas fa-angle-double-down\"><\/i><\/span>\n\t\t<\/span>\n\n\t\t\t\t\t\t<\/summary>\n\t\t\t\t<div role=\"region\" aria-labelledby=\"e-n-accordion-item-1987\" class=\"elementor-element elementor-element-366be82 e-con-full e-flex e-con e-child\" data-id=\"366be82\" data-element_type=\"container\" data-e-type=\"container\" data-settings=\"{&quot;jet_parallax_layout_list&quot;:[]}\">\n\t\t\t\t<div class=\"elementor-element elementor-element-0bc0b35 elementor-widget elementor-widget-text-editor\" data-id=\"0bc0b35\" data-element_type=\"widget\" data-e-type=\"widget\" data-widget_type=\"text-editor.default\">\n\t\t\t\t<div class=\"elementor-widget-container\">\n\t\t\t\t\t\t\t\t\t<p>Oui, avant la publication des \u00e9valuations finales de l\u2019Indice de r\u00e9f\u00e9rence, les entreprises figurant sur la liste cibl\u00e9e d\u2019ECC re\u00e7oivent leurs \u00e9valuations ainsi que les m\u00e9thodologies correspondantes.<\/p>\n<p>Avant que les \u00e9valuations annuelles des divulgations ne soient effectu\u00e9es, chaque entreprise figurant sur la liste cibl\u00e9e est \u00e9galement invit\u00e9e \u00e0 examiner l\u2019ensemble des divulgations r\u00e9glementaires et volontaires recueillies pour les \u00e9valuations annuelles. Les entreprises sont invit\u00e9es \u00e0 soumettre les documents suppl\u00e9mentaires publi\u00e9s avant la date limite du 1er\u00a0juin qui devraient \u00eatre inclus.<\/p>\n<p>Dans un deuxi\u00e8me temps, les entreprises figurant sur la Liste des priorit\u00e9s ont \u00e9galement la possibilit\u00e9 d\u2019examiner l\u2019\u00e9valuation pr\u00e9liminaire de leurs performances par rapport au cadre de r\u00e9f\u00e9rence en mati\u00e8re de divulgation avant sa publication. Au cours de cette p\u00e9riode d\u2019examen, les entreprises sont invit\u00e9es \u00e0 fournir des commentaires, des questions et des r\u00e9f\u00e9rences suppl\u00e9mentaires qui pourraient \u00eatre pris en compte dans leur \u00e9valuation. Les \u00e9valuations finales sont \u00e9galement communiqu\u00e9es aux entreprises avant qu\u2019elles ne soient rendues publiques.<\/p>\n\t\t\t\t\t\t\t\t<\/div>\n\t\t\t\t<\/div>\n\t\t\t\t<\/div>\n\t\t\t\t\t<\/details>\n\t\t\t\t\t\t<details id=\"e-n-accordion-item-1988\" class=\"e-n-accordion-item\" >\n\t\t\t\t<summary class=\"e-n-accordion-item-title\" data-accordion-index=\"9\" tabindex=\"-1\" aria-expanded=\"false\" aria-controls=\"e-n-accordion-item-1988\" >\n\t\t\t\t\t<span class='e-n-accordion-item-title-header'><div class=\"e-n-accordion-item-title-text\"> Pourquoi l\u2019Indice de r\u00e9f\u00e9rence n\u2019\u00e9value-t-il pas le contenu affich\u00e9 sur les pages du site Web de l\u2019entreprise (c\u2019est-\u00e0-dire, pas dans ses documents)? <\/div><\/span>\n\t\t\t\t\t\t\t<span class='e-n-accordion-item-title-icon'>\n\t\t\t<span class='e-opened' ><i aria-hidden=\"true\" class=\"fas fa-angle-double-up\"><\/i><\/span>\n\t\t\t<span class='e-closed'><i aria-hidden=\"true\" class=\"fas fa-angle-double-down\"><\/i><\/span>\n\t\t<\/span>\n\n\t\t\t\t\t\t<\/summary>\n\t\t\t\t<div role=\"region\" aria-labelledby=\"e-n-accordion-item-1988\" class=\"elementor-element elementor-element-1f550a6 e-con-full e-flex e-con e-child\" data-id=\"1f550a6\" data-element_type=\"container\" data-e-type=\"container\" data-settings=\"{&quot;jet_parallax_layout_list&quot;:[]}\">\n\t\t\t\t<div class=\"elementor-element elementor-element-88f551f elementor-widget elementor-widget-text-editor\" data-id=\"88f551f\" data-element_type=\"widget\" data-e-type=\"widget\" data-widget_type=\"text-editor.default\">\n\t\t\t\t<div class=\"elementor-widget-container\">\n\t\t\t\t\t\t\t\t\t<p>Les investisseurs devraient pouvoir acc\u00e9der facilement \u00e0 des rapports pertinents sur le d\u00e9veloppement durable dans les informations fournies par les entreprises, y compris les informations r\u00e9glement\u00e9es (par exemple, les notices annuelles, les circulaires de procuration, etc.) et les rapports volontaires &#8211; y compris, mais sans s\u2019y limiter, les rapports ESG ou de d\u00e9veloppement durable, ou les communiqu\u00e9s de presse officiels de l\u2019entreprise. Les sites HTML sont facilement modifi\u00e9s, difficiles \u00e0 dater et potentiellement complexes \u00e0 naviguer. Il s\u2019agit donc de sources d\u2019information moins fiables pour les investisseurs.<\/p>\n\t\t\t\t\t\t\t\t<\/div>\n\t\t\t\t<\/div>\n\t\t\t\t<\/div>\n\t\t\t\t\t<\/details>\n\t\t\t\t\t<\/div>\n\t\t\t\t\t<script type=\"application\/ld+json\">{\"@context\":\"https:\\\/\\\/schema.org\",\"@type\":\"FAQPage\",\"mainEntity\":[{\"@type\":\"Question\",\"name\":\"Qu\\u2019est-ce qui constitue un objectif \\u00ab\\u2009z\\u00e9ro \\u00e9mission nette\\u2009\\u00bb (m\\u00e9trique 1.1) dans l\\u2019Indice de r\\u00e9f\\u00e9rence d\\u2019ECC?\",\"acceptedAnswer\":{\"@type\":\"Answer\",\"text\":\"Selon l\\u2019Indice de r\\u00e9f\\u00e9rence d\\u2019ECC, pour \\u00eatre consid\\u00e9r\\u00e9e comme ayant un objectif \\u00e0 z\\u00e9ro \\u00e9mission nette, une entreprise doit clairement identifier une ann\\u00e9e de r\\u00e9f\\u00e9rence et affirmer que l\\u2019objectif couvre la totalit\\u00e9 ou la quasi-totalit\\u00e9 des \\u00e9missions de port\\u00e9e\\u00a01 et 2 de l\\u2019entreprise.\"}},{\"@type\":\"Question\",\"name\":\"Quelle est la relation entre l\\u2019Indicateur 1 et l\\u2019Indicateur 2 de l\\u2019Indice de r\\u00e9f\\u00e9rence d\\u2019ECC, et comment les sous-indicateurs 2.3, 3.3 et 4.3 se rapportent-ils \\u00e0 l\\u2019approche de l\\u2019initiative Science-Based Targets (SBTi) en mati\\u00e8re de v\\u00e9rification des cibles des entreprises?\",\"acceptedAnswer\":{\"@type\":\"Answer\",\"text\":\"L\\u2019indicateur\\u00a01\\u00a0: Ambition d\\u2019atteindre des \\u00e9missions de GES nettes nulles d\\u2019ici 2050 (ou plus t\\u00f4t)\\u2009\\u00bb de l\\u2019Indice de r\\u00e9f\\u00e9rence d\\u2019ECC est con\\u00e7u pour refl\\u00e9ter l\\u2019engagement de haut niveau de l\\u2019entreprise en faveur de l\\u2019objectif z\\u00e9ro \\u00e9mission nette. L\\u2019indicateur\\u00a01 doit \\u00eatre consid\\u00e9r\\u00e9 comme compl\\u00e9mentaire de l\\u2019indicateur\\u00a02\\u00a0: Objectifs \\u00e0 long terme de l\\u2019Indice de r\\u00e9f\\u00e9rence d\\u2019ECC, qui comprend une \\u00e9tape de v\\u00e9rification sous la forme du sous-indicateur\\u00a02.3, qui \\u00e9value si l\\u2019objectif \\u00e0 long terme d\\u2019une entreprise (couvrant la p\\u00e9riode\\u00a02036-2050) est align\\u00e9 sur une trajectoire 1,5\\u00a0\\u00b0C pour son secteur. Le sous-indicateur\\u00a02.3, ainsi que les sous-indicateurs\\u00a03.3 et 4.3, se rapproche le plus de l\\u2019approche du SBTi, bien qu\\u2019ils ne soient pas identiques.\\nLe Transition Pathway Initiative (TPI), qui \\u00e9value les sous-indicateurs\\u00a02.3, 3.3 et 4.3 pour le CA100+, utilise une approche l\\u00e9g\\u00e8rement diff\\u00e9rente pour v\\u00e9rifier les objectifs des entreprises, bien que le TPI et la SBTi s\\u2019appuient sur les m\\u00eames bases (SBTi et TPI utilisent tous deux le sc\\u00e9nario Net Zero Emissions by\\u00a02050 &#8211; ou 1,5\\u00a0\\u00b0C &#8211; de l\\u2019AIE et l\\u2019approche de la d\\u00e9carbonisation sectorielle pour tracer des trajectoires \\u00e0 1,5\\u00a0\\u00b0C pour les secteurs). Cela signifie qu\\u2019ils ne parviennent pas toujours \\u00e0 la m\\u00eame conclusion quant \\u00e0 savoir si les objectifs sont align\\u00e9s sur un sc\\u00e9nario de 1,5\\u00a0\\u00b0C ou non. En r\\u00e9sum\\u00e9, l\\u2019indicateur\\u00a01 est formul\\u00e9 diff\\u00e9remment de la norme SBTi, mais avec le sous-indicateur\\u00a02.3, il pr\\u00e9sente un niveau d\\u2019ambition similaire en v\\u00e9rifiant si les entreprises ont des objectifs \\u00e0 long terme solides et align\\u00e9s sur le sc\\u00e9nario de 1,5\\u00a0\\u00b0C.\"}},{\"@type\":\"Question\",\"name\":\"Comment l\\u2019Indice de r\\u00e9f\\u00e9rence tient-il compte de la taxonomie du financement de transition du Canada (sous-indicateur 5.2) en tant que norme nationale \\u00e9mergente?\",\"acceptedAnswer\":{\"@type\":\"Answer\",\"text\":\"L\\u2019\\u00e9valuation du sous-indicateur\\u00a05.2 et des mesures connexes a \\u00e9t\\u00e9 con\\u00e7ue pour s\\u2019appuyer sur les crit\\u00e8res de la taxonomie canadienne et\\\/ou de la taxonomie verte de l\\u2019Union europ\\u00e9enne concernant le chiffre d\\u2019affaires, les revenus et\\\/ou les projets verts, selon le cas, et continuera \\u00e0 le faire dans les prochaines versions de l\\u2019Indice de r\\u00e9f\\u00e9rence. Les crit\\u00e8res utilis\\u00e9s pour \\u00e9valuer les entreprises ayant des activit\\u00e9s significatives dans des juridictions soumises \\u00e0 des syst\\u00e8mes de classification des revenus verts et \\u00e0 des taxonomies r\\u00e9gionales seront laiss\\u00e9s \\u00e0 la discr\\u00e9tion du comit\\u00e9 directeur et du comit\\u00e9 technique de la CEC et pris en compte dans le cadre du processus d\\u2019\\u00e9valuation de l\\u2019Indice de r\\u00e9f\\u00e9rence d\\u2019ECC.\"}},{\"@type\":\"Question\",\"name\":\"Comment l\\u2019Indicateur 7, le plaidoyer de l\\u2019entreprise en mati\\u00e8re de politiques climatiques, s\\u2019int\\u00e8gre-t-il dans l\\u2019initiative d\\u2019ECC? Pourquoi les investisseurs devraient-ils s\\u2019int\\u00e9resser aux activit\\u00e9s de d\\u00e9fense des int\\u00e9r\\u00eats des entreprises et\\\/ou de leurs associations professionnelles?\",\"acceptedAnswer\":{\"@type\":\"Answer\",\"text\":\"L\\u2019Indicateur\\u00a07 \\u00e9value si les entreprises d\\u00e9fendent des politiques climatiques align\\u00e9es sur les objectifs de l\\u2019Accord de Paris et si elles veillent \\u00e0 ce que les associations professionnelles desquelles elles font partie fassent de m\\u00eame. Les activit\\u00e9s de plaidoyer des entreprises qui sont incompatibles avec les engagements pris pour atteindre les objectifs de l\\u2019Accord de Paris peuvent pr\\u00e9senter des risques financiers pour les entreprises et les investisseurs, notamment\\u00a0:\\nRisques r\\u00e9glementaires \\u2013 Les retards dans l\\u2019action politique sur le changement climatique pourraient entra\\u00eener la n\\u00e9cessit\\u00e9 d\\u2019interventions r\\u00e9glementaires plus fortes et plus drastiques par la suite, ce qui entra\\u00eenerait des co\\u00fbts plus \\u00e9lev\\u00e9s pour les entreprises b\\u00e9n\\u00e9ficiaires d\\u2019investissements\\u2009;\\nRisques \\u00e9conomiques syst\\u00e9miques \\u2013 Un retard dans la mise en \\u0153uvre de l\\u2019Accord de Paris pourrait accro\\u00eetre les risques physiques li\\u00e9s au changement climatique, ce qui accro\\u00eet l\\u2019incertitude et la volatilit\\u00e9 des portefeuilles et pose un risque syst\\u00e9mique pour la stabilit\\u00e9 \\u00e9conomique mondiale\\u2009; et\\nRisques juridiques et d\\u2019atteinte \\u00e0 la r\\u00e9putation \\u2013 Les entreprises b\\u00e9n\\u00e9ficiaires peuvent \\u00eatre confront\\u00e9es \\u00e0 des r\\u00e9actions n\\u00e9gatives de la part de leurs consommateurs, investisseurs ou autres parties prenantes si elles, ou les associations dont elles sont membres, sont per\\u00e7ues comme retardant ou bloquant une politique climatique efficace.\\nDe plus, ECC int\\u00e8gre les r\\u00e9sultats des recherches d\\u2019InfluenceMap afin d\\u2019am\\u00e9liorer cet indicateur gr\\u00e2ce \\u00e0 des \\u00e9valuations de l\\u2019alignement des politiques publiques. Ces \\u00e9valuations \\u00e9valuent de mani\\u00e8re ind\\u00e9pendante et fournissent des informations suppl\\u00e9mentaires sur la mesure dans laquelle les entreprises alignent leurs efforts en mati\\u00e8re de politique climatique sur les objectifs de l\\u2019Accord de Paris, tant directement qu\\u2019indirectement, par le biais des actions men\\u00e9es par leurs associations professionnelles.\"}},{\"@type\":\"Question\",\"name\":\"Quelle est l\\u2019importance de l\\u2019Indicateur 9, Transition juste, et en quoi est-il unique dans le contexte canadien?\",\"acceptedAnswer\":{\"@type\":\"Answer\",\"text\":\"Afin d\\u2019\\u00e9laborer une approche typiquement canadienne pour acc\\u00e9l\\u00e9rer la d\\u00e9carbonisation de notre \\u00e9conomie, les investisseurs canadiens sont encourag\\u00e9s \\u00e0 tenir compte des engagements nationaux, tels que les appels \\u00e0 l\\u2019action de la Commission de v\\u00e9rit\\u00e9 et de r\\u00e9conciliation du Canada, ainsi que la D\\u00e9claration des Nations unies sur les droits des peuples autochtones.\\nPour mettre ces engagements en pratique, le Secr\\u00e9tariat d\\u2019ECC a form\\u00e9 un groupe de travail sur la transition juste qui, sous la supervision du Comit\\u00e9 technique et avec l\\u2019approbation du Comit\\u00e9 directeur, a d\\u00e9termin\\u00e9 que l\\u2019Indice de r\\u00e9f\\u00e9rence d\\u2019ECC devrait \\u00e9tablir un indicateur ax\\u00e9 sur l\\u2019\\u00e9valuation de l\\u2019impact potentiel de la transition d\\u2019une entreprise sur les peuples autochtones. L\\u2019existence d\\u2019une m\\u00e9trique distincte pour les questions autochtones vise notamment \\u00e0 souligner l\\u2019importance de l\\u2019int\\u00e9gration d\\u2019une perspective autochtone dans la transition nette z\\u00e9ro du Canada, le contexte juridique et social unique entourant les droits autochtones et l\\u2019impact potentiel consid\\u00e9rable que l\\u2019abandon des industries \\u00e0 forte intensit\\u00e9 de GES peut avoir sur les travailleurs, les communaut\\u00e9s et les clients des Premi\\u00e8res Nations, des Inuits et des M\\u00e9tis.\\nLes m\\u00e9triques relative \\u00e0 la transition juste et les questions autochtones d\\u2019ECC s\\u2019appuient sur des documents d\\u2019orientation canadiens et internationaux, notamment l\\u2019indicateur de transition juste de CA100+, l\\u2019article\\u00a035 de la Loi constitutionnelle de 1982, l\\u2019Appel \\u00e0 l\\u2019action no\\u00a092 de la Commission de v\\u00e9rit\\u00e9 et de r\\u00e9conciliation du Canada, l\\u2019Accord de Paris, les Principes directeurs pour une transition juste de l\\u2019Organisation internationale du travail (OIT), ainsi que les points de r\\u00e9f\\u00e9rence sur la transition juste de la World Benchmarking Alliance et ses points de r\\u00e9f\\u00e9rence sur la transition juste, entre autres. L\\u2019indicateur\\u00a09 est donc essentiel pour garantir que les entreprises canadiennes adoptent des pratiques qui favorisent une transition juste et aborde les impacts potentiels sur les peuples autochtones.\"}},{\"@type\":\"Question\",\"name\":\"Qu\\u2019entend ECC par \\u00ab\\u2009conforme \\u00e0 l\\u2019Accord de Paris\\u2009\\u00bb dans les descriptions des sous-indicateurs? Qu\\u2019est-ce que cela signifie pour une entreprise d\\u2019\\u00eatre \\u00ab\\u2009align\\u00e9e sur l\\u2019Accord de Paris\\u2009\\u00bb?\",\"acceptedAnswer\":{\"@type\":\"Answer\",\"text\":\"L\\u2019Indice de r\\u00e9f\\u00e9rence d\\u2019ECC mesure les engagements et les objectifs que les entreprises ont mis en place, et d\\u00e9termine s\\u2019ils sont conformes \\u00e0 l\\u2019objectif de l\\u2019Accord de Paris de limiter le r\\u00e9chauffement climatique \\u00e0 1,5\\u00a0\\u00b0C d\\u2019ici la fin du si\\u00e8cle. Un certain nombre d\\u2019indicateurs du cadre de divulgation de l\\u2019Indice de r\\u00e9f\\u00e9rence d\\u2019ECC se concentrent sur ce point.\\nPar exemple, l\\u2019indicateur\\u00a01 confirme que les entreprises se sont engag\\u00e9es \\u00e0 atteindre des \\u00e9missions nettes nulles d\\u2019ici 2050, ce qui correspond au niveau d\\u2019ambition n\\u00e9cessaire pour limiter le r\\u00e9chauffement de la plan\\u00e8te \\u00e0 1,5\\u00a0\\u00b0C. D\\u2019autres indicateurs, tels que les indicateurs\\u00a02.3, 3.3 et 4.3, examinent dans quelle mesure les \\u00e9missions d\\u2019une entreprise s\\u2019alignent sur les sc\\u00e9narios de 1,5\\u00a0\\u00b0C. L\\u2019indicateur\\u00a06 cherche \\u00e0 savoir si les entreprises pr\\u00e9voient d\\u2019investir de mani\\u00e8re \\u00e0 s\\u2019aligner sur le 1,5\\u00a0\\u00b0C, tandis que l\\u2019indicateur\\u00a07 \\u00e9value si les entreprises font du lobbying en faveur de l\\u2019Accord de Paris. Enfin, l\\u2019Indicateur\\u00a010 \\u00e9value si les entreprises ont inclus un sc\\u00e9nario de 1,5\\u00a0\\u00b0C dans leur analyse du climat.\"}},{\"@type\":\"Question\",\"name\":\"Que se passe-t-il si une entreprise de la Liste des priorit\\u00e9s publie une mise \\u00e0 jour importante apr\\u00e8s la date d\\u2019\\u00e9valuation de l\\u2019Indice de r\\u00e9f\\u00e9rence?\",\"acceptedAnswer\":{\"@type\":\"Answer\",\"text\":\"L\\u2019\\u00e9tablissement d\\u2019une date butoir est n\\u00e9cessaire pour fixer un point de r\\u00e9f\\u00e9rence pouvant \\u00eatre \\u00e9valu\\u00e9 chaque ann\\u00e9e et pour permettre aux partenaires de recherche de proc\\u00e9der \\u00e0 l\\u2019\\u00e9valuation avant la publication.\\nUne date limite annuelle coh\\u00e9rente pour les divulgations accept\\u00e9es, fix\\u00e9e au 1er\\u00a0juin, a \\u00e9t\\u00e9 appliqu\\u00e9e chaque ann\\u00e9e pour l\\u2019\\u00e9valuation comparative des divulgations d\\u2019ECC.\\nCertaines entreprises de la Liste des priorit\\u00e9s commencent \\u00e0 ajuster la date de publication de leurs informations relatives au climat pour s\\u2019aligner sur les d\\u00e9lais d\\u2019\\u00e9valuation d\\u2019ECC.\"}},{\"@type\":\"Question\",\"name\":\"Les \\u00e9valuations de l\\u2019indice de r\\u00e9f\\u00e9rence sont-elles partag\\u00e9es avec les entreprises de la Liste des priorit\\u00e9s?\",\"acceptedAnswer\":{\"@type\":\"Answer\",\"text\":\"Oui, avant la publication des \\u00e9valuations finales de l\\u2019Indice de r\\u00e9f\\u00e9rence, les entreprises figurant sur la liste cibl\\u00e9e d\\u2019ECC re\\u00e7oivent leurs \\u00e9valuations ainsi que les m\\u00e9thodologies correspondantes.\\nAvant que les \\u00e9valuations annuelles des divulgations ne soient effectu\\u00e9es, chaque entreprise figurant sur la liste cibl\\u00e9e est \\u00e9galement invit\\u00e9e \\u00e0 examiner l\\u2019ensemble des divulgations r\\u00e9glementaires et volontaires recueillies pour les \\u00e9valuations annuelles. Les entreprises sont invit\\u00e9es \\u00e0 soumettre les documents suppl\\u00e9mentaires publi\\u00e9s avant la date limite du 1er\\u00a0juin qui devraient \\u00eatre inclus.\\nDans un deuxi\\u00e8me temps, les entreprises figurant sur la Liste des priorit\\u00e9s ont \\u00e9galement la possibilit\\u00e9 d\\u2019examiner l\\u2019\\u00e9valuation pr\\u00e9liminaire de leurs performances par rapport au cadre de r\\u00e9f\\u00e9rence en mati\\u00e8re de divulgation avant sa publication. Au cours de cette p\\u00e9riode d\\u2019examen, les entreprises sont invit\\u00e9es \\u00e0 fournir des commentaires, des questions et des r\\u00e9f\\u00e9rences suppl\\u00e9mentaires qui pourraient \\u00eatre pris en compte dans leur \\u00e9valuation. Les \\u00e9valuations finales sont \\u00e9galement communiqu\\u00e9es aux entreprises avant qu\\u2019elles ne soient rendues publiques.\"}},{\"@type\":\"Question\",\"name\":\"Pourquoi l\\u2019Indice de r\\u00e9f\\u00e9rence n\\u2019\\u00e9value-t-il pas le contenu affich\\u00e9 sur les pages du site Web de l\\u2019entreprise (c\\u2019est-\\u00e0-dire, pas dans ses documents)?\",\"acceptedAnswer\":{\"@type\":\"Answer\",\"text\":\"Les investisseurs devraient pouvoir acc\\u00e9der facilement \\u00e0 des rapports pertinents sur le d\\u00e9veloppement durable dans les informations fournies par les entreprises, y compris les informations r\\u00e9glement\\u00e9es (par exemple, les notices annuelles, les circulaires de procuration, etc.) et les rapports volontaires &#8211; y compris, mais sans s\\u2019y limiter, les rapports ESG ou de d\\u00e9veloppement durable, ou les communiqu\\u00e9s de presse officiels de l\\u2019entreprise. Les sites HTML sont facilement modifi\\u00e9s, difficiles \\u00e0 dater et potentiellement complexes \\u00e0 naviguer. Il s\\u2019agit donc de sources d\\u2019information moins fiables pour les investisseurs.\"}}]}<\/script>\n\t\t\t\t\t\t\t<\/div>\n\t\t\t\t<\/div>\n\t\t\t\t<\/div>\n\t\t\t\t<\/div>\n\t\t\t\t<\/div>\n\t\t<div class=\"elementor-element elementor-element-f8a9704 e-con-full e-flex e-con e-child\" data-id=\"f8a9704\" data-element_type=\"container\" data-e-type=\"container\" data-settings=\"{&quot;jet_parallax_layout_list&quot;:[]}\">\n\t\t<div class=\"elementor-element elementor-element-a19f530 e-con-full e-flex e-con e-child\" data-id=\"a19f530\" data-element_type=\"container\" data-e-type=\"container\" data-settings=\"{&quot;jet_parallax_layout_list&quot;:[]}\">\n\t\t<div class=\"elementor-element elementor-element-a2e2d3f e-con-full e-flex e-con e-child\" data-id=\"a2e2d3f\" data-element_type=\"container\" data-e-type=\"container\" data-settings=\"{&quot;jet_parallax_layout_list&quot;:[]}\">\n\t\t\t\t<div class=\"elementor-element elementor-element-58ebf8b elementor-widget elementor-widget-heading\" data-id=\"58ebf8b\" data-element_type=\"widget\" data-e-type=\"widget\" data-widget_type=\"heading.default\">\n\t\t\t\t<div class=\"elementor-widget-container\">\n\t\t\t\t\t<h3 class=\"elementor-heading-title elementor-size-default\">M\u00e9thodologie de l\u2019Indice de r\u00e9f\u00e9rence net z\u00e9ro d\u2019ECC<\/h3>\t\t\t\t<\/div>\n\t\t\t\t<\/div>\n\t\t\t\t<div class=\"elementor-element elementor-element-f500981 elementor-widget-divider--view-line elementor-widget elementor-widget-divider\" data-id=\"f500981\" data-element_type=\"widget\" data-e-type=\"widget\" data-widget_type=\"divider.default\">\n\t\t\t\t<div class=\"elementor-widget-container\">\n\t\t\t\t\t\t\t<div class=\"elementor-divider\">\n\t\t\t<span class=\"elementor-divider-separator\">\n\t\t\t\t\t\t<\/span>\n\t\t<\/div>\n\t\t\t\t\t\t<\/div>\n\t\t\t\t<\/div>\n\t\t\t\t<\/div>\n\t\t\t\t<\/div>\n\t\t<div class=\"elementor-element elementor-element-e91c8a8 e-con-full e-flex e-con e-child\" data-id=\"e91c8a8\" data-element_type=\"container\" data-e-type=\"container\" data-settings=\"{&quot;jet_parallax_layout_list&quot;:[]}\">\n\t\t<div class=\"elementor-element elementor-element-c1ecd7b e-con-full e-flex e-con e-child\" data-id=\"c1ecd7b\" data-element_type=\"container\" data-e-type=\"container\" data-settings=\"{&quot;jet_parallax_layout_list&quot;:[]}\">\n\t\t\t\t<div class=\"elementor-element elementor-element-5c65bae elementor-widget elementor-widget-image\" data-id=\"5c65bae\" data-element_type=\"widget\" data-e-type=\"widget\" data-widget_type=\"image.default\">\n\t\t\t\t<div class=\"elementor-widget-container\">\n\t\t\t\t\t\t\t\t\t\t\t\t\t\t\t<img decoding=\"async\" width=\"1024\" height=\"683\" src=\"https:\/\/climateengagement.ca\/wp-content\/uploads\/2024\/10\/AdobeStock_130789754-1024x683.jpeg\" class=\"attachment-large size-large wp-image-10809\" alt=\"\" srcset=\"https:\/\/climateengagement.ca\/wp-content\/uploads\/2024\/10\/AdobeStock_130789754-1024x683.jpeg 1024w, https:\/\/climateengagement.ca\/wp-content\/uploads\/2024\/10\/AdobeStock_130789754-300x200.jpeg 300w, https:\/\/climateengagement.ca\/wp-content\/uploads\/2024\/10\/AdobeStock_130789754-768x512.jpeg 768w, https:\/\/climateengagement.ca\/wp-content\/uploads\/2024\/10\/AdobeStock_130789754-1536x1024.jpeg 1536w, https:\/\/climateengagement.ca\/wp-content\/uploads\/2024\/10\/AdobeStock_130789754-2048x1365.jpeg 2048w\" sizes=\"(max-width: 1024px) 100vw, 1024px\" \/>\t\t\t\t\t\t\t\t\t\t\t\t\t\t\t<\/div>\n\t\t\t\t<\/div>\n\t\t\t\t<\/div>\n\t\t<div class=\"elementor-element elementor-element-9e764c0 e-con-full e-flex e-con e-child\" data-id=\"9e764c0\" data-element_type=\"container\" data-e-type=\"container\" data-settings=\"{&quot;jet_parallax_layout_list&quot;:[]}\">\n\t\t\t\t<div class=\"elementor-element elementor-element-f8a7f27 .toggle-shadow elementor-widget elementor-widget-n-accordion\" data-id=\"f8a7f27\" data-element_type=\"widget\" data-e-type=\"widget\" data-settings=\"{&quot;default_state&quot;:&quot;all_collapsed&quot;,&quot;max_items_expended&quot;:&quot;one&quot;,&quot;n_accordion_animation_duration&quot;:{&quot;unit&quot;:&quot;ms&quot;,&quot;size&quot;:400,&quot;sizes&quot;:[]}}\" data-widget_type=\"nested-accordion.default\">\n\t\t\t\t<div class=\"elementor-widget-container\">\n\t\t\t\t\t\t\t<div class=\"e-n-accordion\" aria-label=\"Accordion. Open links with Enter or Space, close with Escape, and navigate with Arrow Keys\">\n\t\t\t\t\t\t<details id=\"e-n-accordion-item-2600\" class=\"e-n-accordion-item\" >\n\t\t\t\t<summary class=\"e-n-accordion-item-title\" data-accordion-index=\"1\" tabindex=\"0\" aria-expanded=\"false\" aria-controls=\"e-n-accordion-item-2600\" >\n\t\t\t\t\t<span class='e-n-accordion-item-title-header'><div class=\"e-n-accordion-item-title-text\"> Comment l\u2019Indice de r\u00e9f\u00e9rence net z\u00e9ro d\u2019ECC a-t-il \u00e9t\u00e9 \u00e9labor\u00e9?  <\/div><\/span>\n\t\t\t\t\t\t\t<span class='e-n-accordion-item-title-icon'>\n\t\t\t<span class='e-opened' ><i aria-hidden=\"true\" class=\"fas fa-angle-double-up\"><\/i><\/span>\n\t\t\t<span class='e-closed'><i aria-hidden=\"true\" class=\"fas fa-angle-double-down\"><\/i><\/span>\n\t\t<\/span>\n\n\t\t\t\t\t\t<\/summary>\n\t\t\t\t<div role=\"region\" aria-labelledby=\"e-n-accordion-item-2600\" class=\"elementor-element elementor-element-453f304 e-con-full e-flex e-con e-child\" data-id=\"453f304\" data-element_type=\"container\" data-e-type=\"container\" data-settings=\"{&quot;jet_parallax_layout_list&quot;:[]}\">\n\t\t\t\t<div class=\"elementor-element elementor-element-5399d9d elementor-widget elementor-widget-text-editor\" data-id=\"5399d9d\" data-element_type=\"widget\" data-e-type=\"widget\" data-widget_type=\"text-editor.default\">\n\t\t\t\t<div class=\"elementor-widget-container\">\n\t\t\t\t\t\t\t\t\t<p>L\u2019Indice de r\u00e9f\u00e9rence net z\u00e9ro d\u2019ECC suit les meilleures pratiques mondiales tout en int\u00e9grant des \u00e9l\u00e9ments suppl\u00e9mentaires sp\u00e9cifiques au contexte \u00e9conomique unique du Canada. L\u2019Indice de r\u00e9f\u00e9rence a \u00e9t\u00e9 d\u00e9velopp\u00e9 par le Secr\u00e9tariat conjoint d\u2019ECC (avec l\u2019appui de l\u2019expertise de SHARE) sous la supervision du Comit\u00e9 technique d\u2019ECC et avec l\u2019approbation du Comit\u00e9 directeur d\u2019ECC. Il a \u00e9t\u00e9 affin\u00e9 en int\u00e9grant les commentaires issus d\u2019une p\u00e9riode de consultation, \u00e0 laquelle ont particip\u00e9 les investisseurs participants d\u2019ECC, dont certains des plus grands gestionnaires d\u2019actifs et propri\u00e9taires d\u2019actifs du Canada, de m\u00eame que des ONG et des repr\u00e9sentants autochtones.<\/p>\n<p>Pour obtenir une m\u00e9thodologie d\u00e9taill\u00e9e des indicateurs individuels du Cadre de divulgation de l\u2019indice de r\u00e9f\u00e9rence, veuillez consulter ce <a href=\"https:\/\/climateengagement.ca\/mp-files\/cec-net-zero-benchmark-en.pdf\/\">lien.<\/a><\/p>\n\t\t\t\t\t\t\t\t<\/div>\n\t\t\t\t<\/div>\n\t\t\t\t<\/div>\n\t\t\t\t\t<\/details>\n\t\t\t\t\t\t<details id=\"e-n-accordion-item-2601\" class=\"e-n-accordion-item\" >\n\t\t\t\t<summary class=\"e-n-accordion-item-title\" data-accordion-index=\"2\" tabindex=\"-1\" aria-expanded=\"false\" aria-controls=\"e-n-accordion-item-2601\" >\n\t\t\t\t\t<span class='e-n-accordion-item-title-header'><div class=\"e-n-accordion-item-title-text\"> Quelles sont les principales mises \u00e0 jour m\u00e9thodologiques introduites dans le cadre et les directives de divulgation de l\u2019indice de r\u00e9f\u00e9rence de 2025? <\/div><\/span>\n\t\t\t\t\t\t\t<span class='e-n-accordion-item-title-icon'>\n\t\t\t<span class='e-opened' ><i aria-hidden=\"true\" class=\"fas fa-angle-double-up\"><\/i><\/span>\n\t\t\t<span class='e-closed'><i aria-hidden=\"true\" class=\"fas fa-angle-double-down\"><\/i><\/span>\n\t\t<\/span>\n\n\t\t\t\t\t\t<\/summary>\n\t\t\t\t<div role=\"region\" aria-labelledby=\"e-n-accordion-item-2601\" class=\"elementor-element elementor-element-97b598a e-con-full e-flex e-con e-child\" data-id=\"97b598a\" data-element_type=\"container\" data-e-type=\"container\" data-settings=\"{&quot;jet_parallax_layout_list&quot;:[]}\">\n\t\t\t\t<div class=\"elementor-element elementor-element-3dc7ae9 elementor-widget elementor-widget-text-editor\" data-id=\"3dc7ae9\" data-element_type=\"widget\" data-e-type=\"widget\" data-widget_type=\"text-editor.default\">\n\t\t\t\t<div class=\"elementor-widget-container\">\n\t\t\t\t\t\t\t\t\t<p><strong>D\u00e9finitions mises \u00e0 jour pour les \u00e9ch\u00e9ances cibles\u00a0<\/strong>:<\/p>\n<ul>\n<li><em>L\u2019Indicateur\u00a03 (Objectifs \u00e0 moyen terme)<\/em> fait maintenant r\u00e9f\u00e9rence aux cibles commen\u00e7ant quatre ans apr\u00e8s la date d\u2019\u00e9valuation jusqu\u2019en 2035 (par exemple, 2029-2035 pour le cycle 2025).<\/li>\n<li><em>L\u2019Indicateur\u00a04 (Objectifs \u00e0 court terme)<\/em> inclut d\u00e9sormais les cibles fix\u00e9es dans les trois ans suivant la date de l\u2019\u00e9valuation (par exemple, 2026-2028 pour le cycle 2025).<\/li>\n<\/ul>\n<p><strong>Introduction du sous-indicateur\u00a03.4, Conversion des objectifs d\u2019intensit\u00e9 des GES en r\u00e9ductions absolues des \u00e9missions de GES<\/strong>\u00a0:<br \/>ce nouveau sous-indicateur \u00e9value si les objectifs d\u2019intensit\u00e9 des GES sont convertis en r\u00e9ductions absolues des \u00e9missions, am\u00e9liorant ainsi la transparence et la comparabilit\u00e9.<\/p>\n<p><strong>R\u00e9f\u00e9rence r\u00e9vis\u00e9e pour les informations relatives au climat (Indicateur\u00a010)<\/strong>\u00a0:<br \/>toutes les r\u00e9f\u00e9rences au Groupe de travail\u00a0sur l\u2019information financi\u00e8re\u00a0relative aux changements climatiques (TCFD) ont \u00e9t\u00e9 remplac\u00e9es par un libell\u00e9 actualis\u00e9 soutenant les recommandations IFRS S2 ou CSDS\u00a02.<\/p>\n\t\t\t\t\t\t\t\t<\/div>\n\t\t\t\t<\/div>\n\t\t\t\t<\/div>\n\t\t\t\t\t<\/details>\n\t\t\t\t\t<\/div>\n\t\t\t\t\t<script type=\"application\/ld+json\">{\"@context\":\"https:\\\/\\\/schema.org\",\"@type\":\"FAQPage\",\"mainEntity\":[{\"@type\":\"Question\",\"name\":\"Comment l\\u2019Indice de r\\u00e9f\\u00e9rence net z\\u00e9ro d\\u2019ECC a-t-il \\u00e9t\\u00e9 \\u00e9labor\\u00e9?\",\"acceptedAnswer\":{\"@type\":\"Answer\",\"text\":\"L\\u2019Indice de r\\u00e9f\\u00e9rence net z\\u00e9ro d\\u2019ECC suit les meilleures pratiques mondiales tout en int\\u00e9grant des \\u00e9l\\u00e9ments suppl\\u00e9mentaires sp\\u00e9cifiques au contexte \\u00e9conomique unique du Canada. L\\u2019Indice de r\\u00e9f\\u00e9rence a \\u00e9t\\u00e9 d\\u00e9velopp\\u00e9 par le Secr\\u00e9tariat conjoint d\\u2019ECC (avec l\\u2019appui de l\\u2019expertise de SHARE) sous la supervision du Comit\\u00e9 technique d\\u2019ECC et avec l\\u2019approbation du Comit\\u00e9 directeur d\\u2019ECC. Il a \\u00e9t\\u00e9 affin\\u00e9 en int\\u00e9grant les commentaires issus d\\u2019une p\\u00e9riode de consultation, \\u00e0 laquelle ont particip\\u00e9 les investisseurs participants d\\u2019ECC, dont certains des plus grands gestionnaires d\\u2019actifs et propri\\u00e9taires d\\u2019actifs du Canada, de m\\u00eame que des ONG et des repr\\u00e9sentants autochtones.\\nPour obtenir une m\\u00e9thodologie d\\u00e9taill\\u00e9e des indicateurs individuels du Cadre de divulgation de l\\u2019indice de r\\u00e9f\\u00e9rence, veuillez consulter ce lien.\"}},{\"@type\":\"Question\",\"name\":\"Quelles sont les principales mises \\u00e0 jour m\\u00e9thodologiques introduites dans le cadre et les directives de divulgation de l\\u2019indice de r\\u00e9f\\u00e9rence de 2025?\",\"acceptedAnswer\":{\"@type\":\"Answer\",\"text\":\"D\\u00e9finitions mises \\u00e0 jour pour les \\u00e9ch\\u00e9ances cibles\\u00a0:\\n\\nL\\u2019Indicateur\\u00a03 (Objectifs \\u00e0 moyen terme) fait maintenant r\\u00e9f\\u00e9rence aux cibles commen\\u00e7ant quatre ans apr\\u00e8s la date d\\u2019\\u00e9valuation jusqu\\u2019en 2035 (par exemple, 2029-2035 pour le cycle 2025).\\nL\\u2019Indicateur\\u00a04 (Objectifs \\u00e0 court terme) inclut d\\u00e9sormais les cibles fix\\u00e9es dans les trois ans suivant la date de l\\u2019\\u00e9valuation (par exemple, 2026-2028 pour le cycle 2025).\\n\\nIntroduction du sous-indicateur\\u00a03.4, Conversion des objectifs d\\u2019intensit\\u00e9 des GES en r\\u00e9ductions absolues des \\u00e9missions de GES\\u00a0:ce nouveau sous-indicateur \\u00e9value si les objectifs d\\u2019intensit\\u00e9 des GES sont convertis en r\\u00e9ductions absolues des \\u00e9missions, am\\u00e9liorant ainsi la transparence et la comparabilit\\u00e9.\\nR\\u00e9f\\u00e9rence r\\u00e9vis\\u00e9e pour les informations relatives au climat (Indicateur\\u00a010)\\u00a0:toutes les r\\u00e9f\\u00e9rences au Groupe de travail\\u00a0sur l\\u2019information financi\\u00e8re\\u00a0relative aux changements climatiques (TCFD) ont \\u00e9t\\u00e9 remplac\\u00e9es par un libell\\u00e9 actualis\\u00e9 soutenant les recommandations IFRS S2 ou CSDS\\u00a02.\"}}]}<\/script>\n\t\t\t\t\t\t\t<\/div>\n\t\t\t\t<\/div>\n\t\t\t\t<\/div>\n\t\t\t\t<\/div>\n\t\t\t\t<\/div>\n\t\t<div class=\"elementor-element elementor-element-d35133e e-con-full e-flex e-con e-child\" data-id=\"d35133e\" data-element_type=\"container\" data-e-type=\"container\" data-settings=\"{&quot;jet_parallax_layout_list&quot;:[]}\">\n\t\t<div class=\"elementor-element elementor-element-f0748dd e-con-full e-flex e-con e-child\" data-id=\"f0748dd\" data-element_type=\"container\" data-e-type=\"container\" data-settings=\"{&quot;jet_parallax_layout_list&quot;:[]}\">\n\t\t<div class=\"elementor-element elementor-element-cae5c3d e-con-full e-flex e-con e-child\" data-id=\"cae5c3d\" data-element_type=\"container\" data-e-type=\"container\" data-settings=\"{&quot;jet_parallax_layout_list&quot;:[]}\">\n\t\t\t\t<div class=\"elementor-element elementor-element-d8b3e84 elementor-widget elementor-widget-heading\" data-id=\"d8b3e84\" data-element_type=\"widget\" data-e-type=\"widget\" data-widget_type=\"heading.default\">\n\t\t\t\t<div class=\"elementor-widget-container\">\n\t\t\t\t\t<h3 class=\"elementor-heading-title elementor-size-default\">\u00c9valuations de l\u2019alignement <\/h3>\t\t\t\t<\/div>\n\t\t\t\t<\/div>\n\t\t\t\t<div class=\"elementor-element elementor-element-f3d0149 elementor-widget elementor-widget-text-editor\" data-id=\"f3d0149\" data-element_type=\"widget\" data-e-type=\"widget\" data-widget_type=\"text-editor.default\">\n\t\t\t\t<div class=\"elementor-widget-container\">\n\t\t\t\t\t\t\t\t\t<p>Les \u00e9valuations de l\u2019alignement compl\u00e8tent les indicateurs du cadre de divulgation en fournissant des \u00e9valuations ind\u00e9pendantes de l\u2019alignement des mesures prises par les entreprises sur les objectifs d\u2019ECC et sur l\u2019Accord de Paris. La m\u00e9thodologie et l\u2019analyse des \u00e9valuations de l\u2019alignement dans les politiques sont examin\u00e9es et approuv\u00e9es par le comit\u00e9 technique et le comit\u00e9 directeur d\u2019ECC.<\/p>\n\t\t\t\t\t\t\t\t<\/div>\n\t\t\t\t<\/div>\n\t\t\t\t<div class=\"elementor-element elementor-element-b373160 elementor-widget-divider--view-line elementor-widget elementor-widget-divider\" data-id=\"b373160\" data-element_type=\"widget\" data-e-type=\"widget\" data-widget_type=\"divider.default\">\n\t\t\t\t<div class=\"elementor-widget-container\">\n\t\t\t\t\t\t\t<div class=\"elementor-divider\">\n\t\t\t<span class=\"elementor-divider-separator\">\n\t\t\t\t\t\t<\/span>\n\t\t<\/div>\n\t\t\t\t\t\t<\/div>\n\t\t\t\t<\/div>\n\t\t\t\t<\/div>\n\t\t\t\t<\/div>\n\t\t<div class=\"elementor-element elementor-element-2c31c8b e-con-full e-flex e-con e-child\" data-id=\"2c31c8b\" data-element_type=\"container\" data-e-type=\"container\" data-settings=\"{&quot;jet_parallax_layout_list&quot;:[]}\">\n\t\t<div class=\"elementor-element elementor-element-5968635 e-con-full e-flex e-con e-child\" data-id=\"5968635\" data-element_type=\"container\" data-e-type=\"container\" data-settings=\"{&quot;jet_parallax_layout_list&quot;:[]}\">\n\t\t\t\t<div class=\"elementor-element elementor-element-5766ba4 elementor-widget elementor-widget-image\" data-id=\"5766ba4\" data-element_type=\"widget\" data-e-type=\"widget\" data-widget_type=\"image.default\">\n\t\t\t\t<div class=\"elementor-widget-container\">\n\t\t\t\t\t\t\t\t\t\t\t\t\t\t\t<img loading=\"lazy\" decoding=\"async\" width=\"1024\" height=\"733\" src=\"https:\/\/climateengagement.ca\/wp-content\/uploads\/2023\/05\/john-lee-oMneOBYhJxY-unsplash-1-1024x733.jpg\" class=\"attachment-large size-large wp-image-6853\" alt=\"\" srcset=\"https:\/\/climateengagement.ca\/wp-content\/uploads\/2023\/05\/john-lee-oMneOBYhJxY-unsplash-1-1024x733.jpg 1024w, https:\/\/climateengagement.ca\/wp-content\/uploads\/2023\/05\/john-lee-oMneOBYhJxY-unsplash-1-300x215.jpg 300w, https:\/\/climateengagement.ca\/wp-content\/uploads\/2023\/05\/john-lee-oMneOBYhJxY-unsplash-1-768x550.jpg 768w, https:\/\/climateengagement.ca\/wp-content\/uploads\/2023\/05\/john-lee-oMneOBYhJxY-unsplash-1-1536x1100.jpg 1536w, https:\/\/climateengagement.ca\/wp-content\/uploads\/2023\/05\/john-lee-oMneOBYhJxY-unsplash-1-2048x1466.jpg 2048w\" sizes=\"(max-width: 1024px) 100vw, 1024px\" \/>\t\t\t\t\t\t\t\t\t\t\t\t\t\t\t<\/div>\n\t\t\t\t<\/div>\n\t\t\t\t<\/div>\n\t\t<div class=\"elementor-element elementor-element-70c198f e-con-full e-flex e-con e-child\" data-id=\"70c198f\" data-element_type=\"container\" data-e-type=\"container\" data-settings=\"{&quot;jet_parallax_layout_list&quot;:[]}\">\n\t\t\t\t<div class=\"elementor-element elementor-element-23a4e6a .toggle-shadow elementor-widget elementor-widget-n-accordion\" data-id=\"23a4e6a\" data-element_type=\"widget\" data-e-type=\"widget\" data-settings=\"{&quot;default_state&quot;:&quot;all_collapsed&quot;,&quot;max_items_expended&quot;:&quot;one&quot;,&quot;n_accordion_animation_duration&quot;:{&quot;unit&quot;:&quot;ms&quot;,&quot;size&quot;:400,&quot;sizes&quot;:[]}}\" data-widget_type=\"nested-accordion.default\">\n\t\t\t\t<div class=\"elementor-widget-container\">\n\t\t\t\t\t\t\t<div class=\"e-n-accordion\" aria-label=\"Accordion. Open links with Enter or Space, close with Escape, and navigate with Arrow Keys\">\n\t\t\t\t\t\t<details id=\"e-n-accordion-item-3730\" class=\"e-n-accordion-item\" >\n\t\t\t\t<summary class=\"e-n-accordion-item-title\" data-accordion-index=\"1\" tabindex=\"0\" aria-expanded=\"false\" aria-controls=\"e-n-accordion-item-3730\" >\n\t\t\t\t\t<span class='e-n-accordion-item-title-header'><div class=\"e-n-accordion-item-title-text\"> Qu\u2019est-ce que l\u2019\u00e9valuation de l\u2019alignement des engagements en mati\u00e8re de politique publique (ou \u00e9valuations des engagements politiques) et quel est son lien avec l\u2019Indicateur 7 de l\u2019Indice de r\u00e9f\u00e9rence net z\u00e9ro d\u2019ECC? <\/div><\/span>\n\t\t\t\t\t\t\t<span class='e-n-accordion-item-title-icon'>\n\t\t\t<span class='e-opened' ><i aria-hidden=\"true\" class=\"fas fa-angle-double-up\"><\/i><\/span>\n\t\t\t<span class='e-closed'><i aria-hidden=\"true\" class=\"fas fa-angle-double-down\"><\/i><\/span>\n\t\t<\/span>\n\n\t\t\t\t\t\t<\/summary>\n\t\t\t\t<div role=\"region\" aria-labelledby=\"e-n-accordion-item-3730\" class=\"elementor-element elementor-element-ddd9ff0 e-con-full e-flex e-con e-child\" data-id=\"ddd9ff0\" data-element_type=\"container\" data-e-type=\"container\" data-settings=\"{&quot;jet_parallax_layout_list&quot;:[]}\">\n\t\t\t\t<div class=\"elementor-element elementor-element-25a95c1 elementor-widget elementor-widget-text-editor\" data-id=\"25a95c1\" data-element_type=\"widget\" data-e-type=\"widget\" data-widget_type=\"text-editor.default\">\n\t\t\t\t<div class=\"elementor-widget-container\">\n\t\t\t\t\t\t\t\t\t<p>L\u2019\u00e9valuation de l\u2019alignement de l\u2019engagement dans les politiques publiques compl\u00e8te les r\u00e9sultats de l\u2019indicateur\u00a07 du crit\u00e8re de r\u00e9f\u00e9rence d\u2019ECC pour la divulgation de donn\u00e9es relatives au \u00ab\u2009z\u00e9ro \u00e9mission nette\u2009\u00bb. Les \u00c9valuations de l\u2019engagement dans les politiques visent \u00e0 comprendre l\u2019approche adopt\u00e9e par les entreprises de la Liste des priorit\u00e9s d\u2019ECC en mati\u00e8re de politiques publiques li\u00e9es au climat, ainsi que sur leurs interactions avec les associations industrielles canadiennes les plus importantes et les plus actives en ce qui concerne les politiques li\u00e9es au climat.<\/p>\n<p>Le partenaire de recherche d\u2019ECC, InfluenceMap, suit et \u00e9value les entreprises afin de d\u00e9terminer dans quelle mesure leurs efforts de lobbying sont conformes aux objectifs de l\u2019Accord de Paris. Cela comprend le lobbying direct et indirect (par l\u2019interm\u00e9diaire d\u2019associations).<\/p>\n<p>Selon la m\u00e9thodologie d\u2019InfluenceMap, chaque entreprise de la Liste des priorit\u00e9s fait l\u2019objet de quatre \u00e9valuations, qui rendent compte de ses performances globales en mati\u00e8re d\u2019engagement dans la politique climatique\u00a0:<\/p>\n<ul>\n<li><strong>Score de l\u2019organisation,<\/strong> pour l\u2019engagement direct dans la politique climatique<\/li>\n<li><strong>Score relationnel,<\/strong> pour un engagement politique indirect via les associations industrielles<\/li>\n<li><strong>Bande de rendement ou Engagement dans la politique climatique dans le monde r\u00e9el,<\/strong> une mesure combin\u00e9e de l\u2019engagement d\u2019une entreprise en mati\u00e8re de politique climatique, qui tient compte \u00e0 la fois de son propre engagement direct et de celui de ses associations sectorielles, et<\/li>\n<li><strong>L\u2019intensit\u00e9 de l\u2019engagement,<\/strong> qui est en corr\u00e9lation avec le score de l\u2019organisation, est une mesure du niveau d\u2019engagement politique d\u2019une entit\u00e9, qu\u2019il soit positif ou n\u00e9gatif.<\/li>\n<\/ul>\n<p>Pour consulter les r\u00e9sultats les plus r\u00e9cents des entreprises de la Liste des priorit\u00e9s sur l\u2019alignement de leur engagement en mati\u00e8re de politique publique, veuillez utiliser ce , qui m\u00e8ne aux \u00e9valuations individuelles actuellement h\u00e9berg\u00e9es sur le site Web d\u2019InfluenceMap.<\/p>\n\t\t\t\t\t\t\t\t<\/div>\n\t\t\t\t<\/div>\n\t\t\t\t<\/div>\n\t\t\t\t\t<\/details>\n\t\t\t\t\t\t<details id=\"e-n-accordion-item-3731\" class=\"e-n-accordion-item\" >\n\t\t\t\t<summary class=\"e-n-accordion-item-title\" data-accordion-index=\"2\" tabindex=\"-1\" aria-expanded=\"false\" aria-controls=\"e-n-accordion-item-3731\" >\n\t\t\t\t\t<span class='e-n-accordion-item-title-header'><div class=\"e-n-accordion-item-title-text\"> En quoi consistent les \u00e9valuations de l\u2019alignement de la comptabilit\u00e9 et de l\u2019audit climatiques?  <\/div><\/span>\n\t\t\t\t\t\t\t<span class='e-n-accordion-item-title-icon'>\n\t\t\t<span class='e-opened' ><i aria-hidden=\"true\" class=\"fas fa-angle-double-up\"><\/i><\/span>\n\t\t\t<span class='e-closed'><i aria-hidden=\"true\" class=\"fas fa-angle-double-down\"><\/i><\/span>\n\t\t<\/span>\n\n\t\t\t\t\t\t<\/summary>\n\t\t\t\t<div role=\"region\" aria-labelledby=\"e-n-accordion-item-3731\" class=\"elementor-element elementor-element-d6adb2d e-con-full e-flex e-con e-child\" data-id=\"d6adb2d\" data-element_type=\"container\" data-e-type=\"container\" data-settings=\"{&quot;jet_parallax_layout_list&quot;:[]}\">\n\t\t\t\t<div class=\"elementor-element elementor-element-c28dce1 elementor-widget elementor-widget-text-editor\" data-id=\"c28dce1\" data-element_type=\"widget\" data-e-type=\"widget\" data-widget_type=\"text-editor.default\">\n\t\t\t\t<div class=\"elementor-widget-container\">\n\t\t\t\t\t\t\t\t\t<p>Les \u00e9valuations de l\u2019alignement de la comptabilit\u00e9 et de l\u2019audit climatiques de la Carbon Tracker Initiative \u00e9valuent si les pratiques comptables et les informations connexes des entreprises figurant sur la Liste des priorit\u00e9s, ainsi que le rapport du v\u00e9rificateur, refl\u00e8tent les effets du risque climatique, la transition mondiale vers un objectif de z\u00e9ro \u00e9mission nette d\u2019ici 2050 (ou plus t\u00f4t) et l\u2019objectif de l\u2019Accord de Paris de limiter le r\u00e9chauffement climatique \u00e0 1,5\u00a0\u00b0C.<\/p>\n<p>Ces \u00e9valuations sont importantes pour les investisseurs, car elles permettent de d\u00e9terminer si les \u00e9tats financiers refl\u00e8tent fid\u00e8lement les risques climatiques importants susceptibles d\u2019affecter les performances, la valeur des actifs et la viabilit\u00e9 \u00e0 long terme de l\u2019entreprise.<\/p>\n<p><em>* Ces \u00e9valuations ne s\u2019appliquent pas aux services publics d\u2019\u00e9lectricit\u00e9 dont le taux de rendement est r\u00e9glement\u00e9.<\/em><\/p>\n\t\t\t\t\t\t\t\t<\/div>\n\t\t\t\t<\/div>\n\t\t\t\t<\/div>\n\t\t\t\t\t<\/details>\n\t\t\t\t\t\t<details id=\"e-n-accordion-item-3732\" class=\"e-n-accordion-item\" >\n\t\t\t\t<summary class=\"e-n-accordion-item-title\" data-accordion-index=\"3\" tabindex=\"-1\" aria-expanded=\"false\" aria-controls=\"e-n-accordion-item-3732\" >\n\t\t\t\t\t<span class='e-n-accordion-item-title-header'><div class=\"e-n-accordion-item-title-text\"> En quoi consistent les \u00e9valuations de l\u2019alignement de l\u2019allocation du capital dans le secteur p\u00e9trolier et gazier? <\/div><\/span>\n\t\t\t\t\t\t\t<span class='e-n-accordion-item-title-icon'>\n\t\t\t<span class='e-opened' ><i aria-hidden=\"true\" class=\"fas fa-angle-double-up\"><\/i><\/span>\n\t\t\t<span class='e-closed'><i aria-hidden=\"true\" class=\"fas fa-angle-double-down\"><\/i><\/span>\n\t\t<\/span>\n\n\t\t\t\t\t\t<\/summary>\n\t\t\t\t<div role=\"region\" aria-labelledby=\"e-n-accordion-item-3732\" class=\"elementor-element elementor-element-f89eff8 e-con-full e-flex e-con e-child\" data-id=\"f89eff8\" data-element_type=\"container\" data-e-type=\"container\" data-settings=\"{&quot;jet_parallax_layout_list&quot;:[]}\">\n\t\t\t\t<div class=\"elementor-element elementor-element-6281e10 elementor-widget elementor-widget-text-editor\" data-id=\"6281e10\" data-element_type=\"widget\" data-e-type=\"widget\" data-widget_type=\"text-editor.default\">\n\t\t\t\t<div class=\"elementor-widget-container\">\n\t\t\t\t\t\t\t\t\t<p>Pour les entreprises du secteur p\u00e9trolier et gazier figurant sur la Liste des priorit\u00e9s, les \u00e9valuations de l\u2019alignement de l\u2019allocation du capital r\u00e9alis\u00e9es par Carbon Tracker Initiative analysent les d\u00e9penses d\u2019investissement pr\u00e9vues (CapEx) pour les projets p\u00e9troliers et gaziers en amont qui n\u2019ont pas encore re\u00e7u l\u2019approbation finale d\u2019investissement, et \u00e9valuent leur alignement avec une s\u00e9rie de sc\u00e9narios climatiques mondiaux.<\/p>\n<p>Ces \u00e9valuations aident les investisseurs \u00e0 d\u00e9terminer si les projets d\u2019investissement futurs d\u2019une entreprise sont compatibles avec les mesures visant \u00e0 limiter le r\u00e9chauffement climatique conform\u00e9ment \u00e0 l\u2019Accord de Paris. Elles fournissent des informations sur les risques financiers potentiels associ\u00e9s \u00e0 la poursuite des investissements dans des actifs \u00e0 fortes \u00e9missions, notamment le risque de mauvaise allocation des capitaux, de d\u00e9valuation des actifs ou de non-conformit\u00e9 avec les attentes r\u00e9glementaires en constante \u00e9volution sur un march\u00e9 mondial de l\u2019\u00e9nergie en pleine transition.<\/p>\n\t\t\t\t\t\t\t\t<\/div>\n\t\t\t\t<\/div>\n\t\t\t\t<\/div>\n\t\t\t\t\t<\/details>\n\t\t\t\t\t\t<details id=\"e-n-accordion-item-3733\" class=\"e-n-accordion-item\" >\n\t\t\t\t<summary class=\"e-n-accordion-item-title\" data-accordion-index=\"4\" tabindex=\"-1\" aria-expanded=\"false\" aria-controls=\"e-n-accordion-item-3733\" >\n\t\t\t\t\t<span class='e-n-accordion-item-title-header'><div class=\"e-n-accordion-item-title-text\"> En quoi consistent les \u00e9valuations de l\u2019alignement de l\u2019allocation du capital dans le secteur des services publics d\u2019\u00e9lectricit\u00e9? <\/div><\/span>\n\t\t\t\t\t\t\t<span class='e-n-accordion-item-title-icon'>\n\t\t\t<span class='e-opened' ><i aria-hidden=\"true\" class=\"fas fa-angle-double-up\"><\/i><\/span>\n\t\t\t<span class='e-closed'><i aria-hidden=\"true\" class=\"fas fa-angle-double-down\"><\/i><\/span>\n\t\t<\/span>\n\n\t\t\t\t\t\t<\/summary>\n\t\t\t\t<div role=\"region\" aria-labelledby=\"e-n-accordion-item-3733\" class=\"elementor-element elementor-element-e372d54 e-con-full e-flex e-con e-child\" data-id=\"e372d54\" data-element_type=\"container\" data-e-type=\"container\" data-settings=\"{&quot;jet_parallax_layout_list&quot;:[]}\">\n\t\t\t\t<div class=\"elementor-element elementor-element-f92e135 elementor-widget elementor-widget-text-editor\" data-id=\"f92e135\" data-element_type=\"widget\" data-e-type=\"widget\" data-widget_type=\"text-editor.default\">\n\t\t\t\t<div class=\"elementor-widget-container\">\n\t\t\t\t\t\t\t\t\t<p>Pour les entreprises du secteur de l\u2019\u00e9lectricit\u00e9 figurant sur la Liste des priorit\u00e9s, les \u00e9valuations de l\u2019alignement de l\u2019allocation du capital r\u00e9alis\u00e9es par la Carbon Tracker Initiative analysent les calendriers annonc\u00e9s pour la mise hors service des centrales \u00e0 charbon et \u00e0 gaz, ainsi que les projets de d\u00e9veloppement de nouveaux actifs \u00e9metteurs de carbone. Ces sc\u00e9narios sont compar\u00e9s \u00e0 divers sc\u00e9narios de changement climatique afin d\u2019\u00e9valuer leur ad\u00e9quation avec les objectifs mondiaux de d\u00e9carbonisation.<\/p>\n<p>Ces \u00e9valuations aident les investisseurs \u00e0 d\u00e9terminer si les entreprises de services publics alignent leurs portefeuilles de production et leurs plans d\u2019investissement sur les trajectoires menant \u00e0 la neutralit\u00e9 carbone. Ils soulignent \u00e9galement les risques financiers potentiels associ\u00e9s aux transitions retard\u00e9es, tels que les actifs bloqu\u00e9s, l\u2019exposition r\u00e9glementaire et la baisse de comp\u00e9titivit\u00e9 sur les march\u00e9s de l\u2019\u00e9nergie \u00e0 faible teneur en carbone.<\/p>\n\t\t\t\t\t\t\t\t<\/div>\n\t\t\t\t<\/div>\n\t\t\t\t<\/div>\n\t\t\t\t\t<\/details>\n\t\t\t\t\t<\/div>\n\t\t\t\t\t<script type=\"application\/ld+json\">{\"@context\":\"https:\\\/\\\/schema.org\",\"@type\":\"FAQPage\",\"mainEntity\":[{\"@type\":\"Question\",\"name\":\"Qu\\u2019est-ce que l\\u2019\\u00e9valuation de l\\u2019alignement des engagements en mati\\u00e8re de politique publique (ou \\u00e9valuations des engagements politiques) et quel est son lien avec l\\u2019Indicateur 7 de l\\u2019Indice de r\\u00e9f\\u00e9rence net z\\u00e9ro d\\u2019ECC?\",\"acceptedAnswer\":{\"@type\":\"Answer\",\"text\":\"L\\u2019\\u00e9valuation de l\\u2019alignement de l\\u2019engagement dans les politiques publiques compl\\u00e8te les r\\u00e9sultats de l\\u2019indicateur\\u00a07 du crit\\u00e8re de r\\u00e9f\\u00e9rence d\\u2019ECC pour la divulgation de donn\\u00e9es relatives au \\u00ab\\u2009z\\u00e9ro \\u00e9mission nette\\u2009\\u00bb. Les \\u00c9valuations de l\\u2019engagement dans les politiques visent \\u00e0 comprendre l\\u2019approche adopt\\u00e9e par les entreprises de la Liste des priorit\\u00e9s d\\u2019ECC en mati\\u00e8re de politiques publiques li\\u00e9es au climat, ainsi que sur leurs interactions avec les associations industrielles canadiennes les plus importantes et les plus actives en ce qui concerne les politiques li\\u00e9es au climat.\\nLe partenaire de recherche d\\u2019ECC, InfluenceMap, suit et \\u00e9value les entreprises afin de d\\u00e9terminer dans quelle mesure leurs efforts de lobbying sont conformes aux objectifs de l\\u2019Accord de Paris. Cela comprend le lobbying direct et indirect (par l\\u2019interm\\u00e9diaire d\\u2019associations).\\nSelon la m\\u00e9thodologie d\\u2019InfluenceMap, chaque entreprise de la Liste des priorit\\u00e9s fait l\\u2019objet de quatre \\u00e9valuations, qui rendent compte de ses performances globales en mati\\u00e8re d\\u2019engagement dans la politique climatique\\u00a0:\\n\\nScore de l\\u2019organisation, pour l\\u2019engagement direct dans la politique climatique\\nScore relationnel, pour un engagement politique indirect via les associations industrielles\\nBande de rendement ou Engagement dans la politique climatique dans le monde r\\u00e9el, une mesure combin\\u00e9e de l\\u2019engagement d\\u2019une entreprise en mati\\u00e8re de politique climatique, qui tient compte \\u00e0 la fois de son propre engagement direct et de celui de ses associations sectorielles, et\\nL\\u2019intensit\\u00e9 de l\\u2019engagement, qui est en corr\\u00e9lation avec le score de l\\u2019organisation, est une mesure du niveau d\\u2019engagement politique d\\u2019une entit\\u00e9, qu\\u2019il soit positif ou n\\u00e9gatif.\\n\\nPour consulter les r\\u00e9sultats les plus r\\u00e9cents des entreprises de la Liste des priorit\\u00e9s sur l\\u2019alignement de leur engagement en mati\\u00e8re de politique publique, veuillez utiliser ce , qui m\\u00e8ne aux \\u00e9valuations individuelles actuellement h\\u00e9berg\\u00e9es sur le site Web d\\u2019InfluenceMap.\"}},{\"@type\":\"Question\",\"name\":\"En quoi consistent les \\u00e9valuations de l\\u2019alignement de la comptabilit\\u00e9 et de l\\u2019audit climatiques?\",\"acceptedAnswer\":{\"@type\":\"Answer\",\"text\":\"Les \\u00e9valuations de l\\u2019alignement de la comptabilit\\u00e9 et de l\\u2019audit climatiques de la Carbon Tracker Initiative \\u00e9valuent si les pratiques comptables et les informations connexes des entreprises figurant sur la Liste des priorit\\u00e9s, ainsi que le rapport du v\\u00e9rificateur, refl\\u00e8tent les effets du risque climatique, la transition mondiale vers un objectif de z\\u00e9ro \\u00e9mission nette d\\u2019ici 2050 (ou plus t\\u00f4t) et l\\u2019objectif de l\\u2019Accord de Paris de limiter le r\\u00e9chauffement climatique \\u00e0 1,5\\u00a0\\u00b0C.\\nCes \\u00e9valuations sont importantes pour les investisseurs, car elles permettent de d\\u00e9terminer si les \\u00e9tats financiers refl\\u00e8tent fid\\u00e8lement les risques climatiques importants susceptibles d\\u2019affecter les performances, la valeur des actifs et la viabilit\\u00e9 \\u00e0 long terme de l\\u2019entreprise.\\n* Ces \\u00e9valuations ne s\\u2019appliquent pas aux services publics d\\u2019\\u00e9lectricit\\u00e9 dont le taux de rendement est r\\u00e9glement\\u00e9.\"}},{\"@type\":\"Question\",\"name\":\"En quoi consistent les \\u00e9valuations de l\\u2019alignement de l\\u2019allocation du capital dans le secteur p\\u00e9trolier et gazier?\",\"acceptedAnswer\":{\"@type\":\"Answer\",\"text\":\"Pour les entreprises du secteur p\\u00e9trolier et gazier figurant sur la Liste des priorit\\u00e9s, les \\u00e9valuations de l\\u2019alignement de l\\u2019allocation du capital r\\u00e9alis\\u00e9es par Carbon Tracker Initiative analysent les d\\u00e9penses d\\u2019investissement pr\\u00e9vues (CapEx) pour les projets p\\u00e9troliers et gaziers en amont qui n\\u2019ont pas encore re\\u00e7u l\\u2019approbation finale d\\u2019investissement, et \\u00e9valuent leur alignement avec une s\\u00e9rie de sc\\u00e9narios climatiques mondiaux.\\nCes \\u00e9valuations aident les investisseurs \\u00e0 d\\u00e9terminer si les projets d\\u2019investissement futurs d\\u2019une entreprise sont compatibles avec les mesures visant \\u00e0 limiter le r\\u00e9chauffement climatique conform\\u00e9ment \\u00e0 l\\u2019Accord de Paris. Elles fournissent des informations sur les risques financiers potentiels associ\\u00e9s \\u00e0 la poursuite des investissements dans des actifs \\u00e0 fortes \\u00e9missions, notamment le risque de mauvaise allocation des capitaux, de d\\u00e9valuation des actifs ou de non-conformit\\u00e9 avec les attentes r\\u00e9glementaires en constante \\u00e9volution sur un march\\u00e9 mondial de l\\u2019\\u00e9nergie en pleine transition.\"}},{\"@type\":\"Question\",\"name\":\"En quoi consistent les \\u00e9valuations de l\\u2019alignement de l\\u2019allocation du capital dans le secteur des services publics d\\u2019\\u00e9lectricit\\u00e9?\",\"acceptedAnswer\":{\"@type\":\"Answer\",\"text\":\"Pour les entreprises du secteur de l\\u2019\\u00e9lectricit\\u00e9 figurant sur la Liste des priorit\\u00e9s, les \\u00e9valuations de l\\u2019alignement de l\\u2019allocation du capital r\\u00e9alis\\u00e9es par la Carbon Tracker Initiative analysent les calendriers annonc\\u00e9s pour la mise hors service des centrales \\u00e0 charbon et \\u00e0 gaz, ainsi que les projets de d\\u00e9veloppement de nouveaux actifs \\u00e9metteurs de carbone. Ces sc\\u00e9narios sont compar\\u00e9s \\u00e0 divers sc\\u00e9narios de changement climatique afin d\\u2019\\u00e9valuer leur ad\\u00e9quation avec les objectifs mondiaux de d\\u00e9carbonisation.\\nCes \\u00e9valuations aident les investisseurs \\u00e0 d\\u00e9terminer si les entreprises de services publics alignent leurs portefeuilles de production et leurs plans d\\u2019investissement sur les trajectoires menant \\u00e0 la neutralit\\u00e9 carbone. Ils soulignent \\u00e9galement les risques financiers potentiels associ\\u00e9s aux transitions retard\\u00e9es, tels que les actifs bloqu\\u00e9s, l\\u2019exposition r\\u00e9glementaire et la baisse de comp\\u00e9titivit\\u00e9 sur les march\\u00e9s de l\\u2019\\u00e9nergie \\u00e0 faible teneur en carbone.\"}}]}<\/script>\n\t\t\t\t\t\t\t<\/div>\n\t\t\t\t<\/div>\n\t\t\t\t<\/div>\n\t\t\t\t<\/div>\n\t\t\t\t<\/div>\n\t\t\t\t\t<\/div>\n\t\t\t\t<\/div>\n\t\t\t\t<section class=\"elementor-section elementor-top-section elementor-element elementor-element-ec5a9e5 elementor-section-boxed elementor-section-height-default elementor-section-height-default\" data-id=\"ec5a9e5\" data-element_type=\"section\" data-e-type=\"section\" data-settings=\"{&quot;background_background&quot;:&quot;classic&quot;,&quot;jet_parallax_layout_list&quot;:[]}\">\n\t\t\t\t\t\t<div class=\"elementor-container elementor-column-gap-default\">\n\t\t\t\t\t<div class=\"elementor-column elementor-col-50 elementor-top-column elementor-element elementor-element-e8914c8\" data-id=\"e8914c8\" data-element_type=\"column\" data-e-type=\"column\">\n\t\t\t<div class=\"elementor-widget-wrap elementor-element-populated\">\n\t\t\t\t\t\t<div class=\"elementor-element elementor-element-b414656 elementor-widget elementor-widget-heading\" data-id=\"b414656\" data-element_type=\"widget\" data-e-type=\"widget\" data-widget_type=\"heading.default\">\n\t\t\t\t<div class=\"elementor-widget-container\">\n\t\t\t\t\t<h2 class=\"elementor-heading-title elementor-size-default\">Int\u00e9ress\u00e9 \u00e0 vous joindre \u00e0 nous?<\/h2>\t\t\t\t<\/div>\n\t\t\t\t<\/div>\n\t\t\t\t\t<\/div>\n\t\t<\/div>\n\t\t\t\t<div class=\"elementor-column elementor-col-50 elementor-top-column elementor-element elementor-element-6ff5e46\" data-id=\"6ff5e46\" data-element_type=\"column\" data-e-type=\"column\">\n\t\t\t<div class=\"elementor-widget-wrap elementor-element-populated\">\n\t\t\t\t\t\t<div class=\"elementor-element elementor-element-64297d7 elementor-align-right elementor-mobile-align-center elementor-widget elementor-widget-button\" data-id=\"64297d7\" data-element_type=\"widget\" data-e-type=\"widget\" data-widget_type=\"button.default\">\n\t\t\t\t<div class=\"elementor-widget-container\">\n\t\t\t\t\t\t\t\t\t<div class=\"elementor-button-wrapper\">\n\t\t\t\t\t<a class=\"elementor-button elementor-button-link elementor-size-sm elementor-animation-float\" href=\"https:\/\/climateengagement.ca\/fr\/contacter\/\">\n\t\t\t\t\t\t<span class=\"elementor-button-content-wrapper\">\n\t\t\t\t\t\t<span class=\"elementor-button-icon\">\n\t\t\t\t<i aria-hidden=\"true\" class=\"fas fa-arrow-right\"><\/i>\t\t\t<\/span>\n\t\t\t\t\t\t\t\t\t<span class=\"elementor-button-text\">DISCUTONS<\/span>\n\t\t\t\t\t<\/span>\n\t\t\t\t\t<\/a>\n\t\t\t\t<\/div>\n\t\t\t\t\t\t\t\t<\/div>\n\t\t\t\t<\/div>\n\t\t\t\t\t<\/div>\n\t\t<\/div>\n\t\t\t\t\t<\/div>\n\t\t<\/section>\n\t\t\t\t<\/div>\n\t\t","protected":false},"excerpt":{"rendered":"<p>\u00c0 propos de l\u2019Indice de r\u00e9f\u00e9rence Questions g\u00e9n\u00e9rales Qu\u2019est-ce que l\u2019Indice de r\u00e9f\u00e9rence net z\u00e9ro d\u2019ECC? Engagement climatique Canada (ECC) a mis sur pied son Indice de r\u00e9f\u00e9rence net z\u00e9ro pour fournir un ensemble de normes communes permettant aux investisseurs d\u2019\u00e9valuer les progr\u00e8s r\u00e9alis\u00e9s par les entreprises \u00e9mettrices pour s\u2019aligner sur l\u2019ambition de l\u2019Accord de [&hellip;]<\/p>\n","protected":false},"author":2,"featured_media":0,"parent":0,"menu_order":0,"comment_status":"closed","ping_status":"closed","template":"","meta":{"inline_featured_image":false,"site-sidebar-layout":"no-sidebar","site-content-layout":"page-builder","ast-site-content-layout":"full-width-container","site-content-style":"unboxed","site-sidebar-style":"unboxed","ast-global-header-display":"","ast-banner-title-visibility":"","ast-main-header-display":"","ast-hfb-above-header-display":"","ast-hfb-below-header-display":"","ast-hfb-mobile-header-display":"","site-post-title":"disabled","ast-breadcrumbs-content":"","ast-featured-img":"disabled","footer-sml-layout":"","ast-disable-related-posts":"","theme-transparent-header-meta":"enabled","adv-header-id-meta":"","stick-header-meta":"","header-above-stick-meta":"","header-main-stick-meta":"","header-below-stick-meta":"","astra-migrate-meta-layouts":"default","ast-page-background-enabled":"default","ast-page-background-meta":{"desktop":{"background-color":"","background-image":"","background-repeat":"repeat","background-position":"center center","background-size":"auto","background-attachment":"scroll","background-type":"","background-media":"","overlay-type":"","overlay-color":"","overlay-opacity":"","overlay-gradient":""},"tablet":{"background-color":"","background-image":"","background-repeat":"repeat","background-position":"center center","background-size":"auto","background-attachment":"scroll","background-type":"","background-media":"","overlay-type":"","overlay-color":"","overlay-opacity":"","overlay-gradient":""},"mobile":{"background-color":"","background-image":"","background-repeat":"repeat","background-position":"center center","background-size":"auto","background-attachment":"scroll","background-type":"","background-media":"","overlay-type":"","overlay-color":"","overlay-opacity":"","overlay-gradient":""}},"ast-content-background-meta":{"desktop":{"background-color":"var(--ast-global-color-5)","background-image":"","background-repeat":"repeat","background-position":"center center","background-size":"auto","background-attachment":"scroll","background-type":"","background-media":"","overlay-type":"","overlay-color":"","overlay-opacity":"","overlay-gradient":""},"tablet":{"background-color":"var(--ast-global-color-5)","background-image":"","background-repeat":"repeat","background-position":"center center","background-size":"auto","background-attachment":"scroll","background-type":"","background-media":"","overlay-type":"","overlay-color":"","overlay-opacity":"","overlay-gradient":""},"mobile":{"background-color":"var(--ast-global-color-5)","background-image":"","background-repeat":"repeat","background-position":"center center","background-size":"auto","background-attachment":"scroll","background-type":"","background-media":"","overlay-type":"","overlay-color":"","overlay-opacity":"","overlay-gradient":""}},"footnotes":""},"class_list":["post-8298","page","type-page","status-publish","hentry"],"_links":{"self":[{"href":"https:\/\/climateengagement.ca\/fr\/wp-json\/wp\/v2\/pages\/8298","targetHints":{"allow":["GET"]}}],"collection":[{"href":"https:\/\/climateengagement.ca\/fr\/wp-json\/wp\/v2\/pages"}],"about":[{"href":"https:\/\/climateengagement.ca\/fr\/wp-json\/wp\/v2\/types\/page"}],"author":[{"embeddable":true,"href":"https:\/\/climateengagement.ca\/fr\/wp-json\/wp\/v2\/users\/2"}],"replies":[{"embeddable":true,"href":"https:\/\/climateengagement.ca\/fr\/wp-json\/wp\/v2\/comments?post=8298"}],"version-history":[{"count":11,"href":"https:\/\/climateengagement.ca\/fr\/wp-json\/wp\/v2\/pages\/8298\/revisions"}],"predecessor-version":[{"id":11927,"href":"https:\/\/climateengagement.ca\/fr\/wp-json\/wp\/v2\/pages\/8298\/revisions\/11927"}],"wp:attachment":[{"href":"https:\/\/climateengagement.ca\/fr\/wp-json\/wp\/v2\/media?parent=8298"}],"curies":[{"name":"wp","href":"https:\/\/api.w.org\/{rel}","templated":true}]}}